{"id":18439,"date":"2019-02-28T18:45:12","date_gmt":"2019-02-28T18:45:12","guid":{"rendered":"http:\/\/turodelsol.com\/condiciones-de-uso\/"},"modified":"2020-01-28T17:21:54","modified_gmt":"2020-01-28T17:21:54","slug":"condicions-dus","status":"publish","type":"page","link":"https:\/\/turodelsol.com\/ca\/condicions-dus\/","title":{"rendered":"Condicions d&#8217;\u00fas"},"content":{"rendered":"<p>[vc_row css_animation=&#8221;&#8221; row_type=&#8221;row&#8221; use_row_as_full_screen_section=&#8221;no&#8221; type=&#8221;grid&#8221; angled_section=&#8221;no&#8221; text_align=&#8221;left&#8221; background_image_as_pattern=&#8221;without_pattern&#8221; z_index=&#8221;&#8221;][vc_column width=&#8221;1\/6&#8243;][\/vc_column][vc_column width=&#8221;2\/3&#8243;][vc_column_text]<\/p>\n<h2>CONDICIONES DE USO<\/h2>\n<p>&nbsp;<\/p>\n<p style=\"text-align: justify;\">En cumplimiento de la Ley 34\/2002, de 11 de julio, de Servicios de la Sociedad de la Informaci\u00f3n y de Comercio Electr\u00f3nico <strong>(LSSI-CE), EL TURO DEL SOL DE CAN MARIAL SL<\/strong> informa que es titular del sitio web <a href=\"http:\/\/turodelsol.com\/\"><strong>WWW.TURODELSOL.COM<\/strong><\/a> . De acuerdo con la exigencia del art\u00edculo 10 de la citada Ley, <strong>EL TURO DEL SOL DE CAN MARIAL SL<\/strong> informa de los siguientes datos:<\/p>\n<p style=\"text-align: justify;\">El titular de este sitio web es <strong>EL TURO DEL SOL DE CAN MARIAL SL<\/strong>, con CIF B61991519 y domicilio social en CR DE SANT VICENC MONTALT KM 0.7 08394, SANT VICEN\u00c7 DE MONTALT (BARCELONA), inscrita en el Registro Mercantil, en el tomo &#8230;&#8230;.., folio &#8230;&#8230;&#8230;, hoja &#8230;&#8230;&#8230; e inscripci\u00f3n &#8230;&#8230;&#8230;. La direcci\u00f3n de correo electr\u00f3nico de contacto con la empresa es: <a href=\"mailto:turodelsol@turodelsol.com\">turodelsol@turodelsol.com<\/a><\/p>\n<p>[\/vc_column_text][vc_separator type=&#8221;transparent&#8221;][vc_column_text]<\/p>\n<h3 style=\"text-align: justify;\">Usuario y r\u00e9gimen de responsabilidades<\/h3>\n<p style=\"text-align: justify;\">La navegaci\u00f3n, acceso y uso por el sitio web de <strong>EL TURO DEL SOL DE CAN MARIAL SL<\/strong> confiere la condici\u00f3n de usuario, por la que se aceptan, desde la navegaci\u00f3n por el sitio web de <strong>EL TURO DEL SOL DE CAN MARIAL SL,<\/strong> todas las condiciones de uso aqu\u00ed establecidas sin perjuicio de la aplicaci\u00f3n de la correspondiente normativa de obligado cumplimiento legal seg\u00fan el caso.<\/p>\n<p style=\"text-align: justify;\">El sitio web de <strong>EL TURO DEL SOL DE CAN MARIAL SL<\/strong> proporciona gran diversidad de informaci\u00f3n, servicios y datos. El usuario asume su responsabilidad en el uso correcto del sitio web. Esta responsabilidad se extender\u00e1 a:<\/p>\n<p style=\"text-align: justify;\">La veracidad y licitud de las informaciones aportadas por el usuario en los formularios extendidos por<strong> EL TURO DEL SOL DE CAN MARIAL SL<\/strong> para el acceso a ciertos contenidos o servicios ofrecidos por el web.<\/p>\n<p style=\"text-align: justify;\">El uso de la informaci\u00f3n, servicios y datos ofrecidos por <strong>EL TURO DEL SOL DE CAN MARIAL SL<\/strong> contrariamente a lo dispuesto por las presentes condiciones, la Ley, la moral, las buenas costumbres o el orden p\u00fablico, o que de cualquier otro modo puedan suponer lesi\u00f3n de los derechos de terceros o del mismo funcionamiento del sitio web.<\/p>\n<p>[\/vc_column_text][vc_separator type=&#8221;transparent&#8221;][vc_column_text]<\/p>\n<h3>Pol\u00edtica de enlaces y exenciones de responsabilidad<\/h3>\n<p>&nbsp;<\/p>\n<p>&nbsp;<\/p>\n<p style=\"text-align: justify;\"><strong>EL TURO DEL SOL DE CAN MARIAL SL<\/strong> no se hace responsable del contenido de los sitios web a los que el usuario pueda acceder a trav\u00e9s de los enlaces establecidos en su sitio web y declara que en ning\u00fan caso proceder\u00e1 a examinar o ejercitar ning\u00fan tipo de control sobre el contenido de otros sitios de la red. Asimismo, tampoco garantizar\u00e1 la disponibilidad t\u00e9cnica, exactitud, veracidad, validez o legalidad de sitios ajenos a su propiedad a los que se pueda acceder por medio de los enlaces.<\/p>\n<p style=\"text-align: justify;\"><strong>EL TURO DEL SOL DE CAN MARIAL SL<\/strong> declara haber adoptado todas las medidas necesarias para evitar cualquier da\u00f1o a los usuarios de su sitio web, que pudieran derivarse de la navegaci\u00f3n por su sitio web. En consecuencia, <strong>EL TURO DEL SOL DE CAN MARIAL SL<\/strong> no se hace responsable, en ning\u00fan caso, de los eventuales da\u00f1os que por la navegaci\u00f3n por Internet pudiera sufrir el usuario.<\/p>\n<p>[\/vc_column_text][vc_separator type=&#8221;transparent&#8221; up=&#8221;30&#8243;][vc_column_text]<\/p>\n<h3>Modificaciones<\/h3>\n<p>&nbsp;<\/p>\n<p style=\"text-align: justify;\"><strong>EL TURO DEL SOL DE CAN MARIAL SL<\/strong> se reserva el derecho a realizar las modificaciones que considere oportunas, sin aviso previo, en el contenido de su sitio web. Tanto en lo referente a los contenidos del sitio web, como en las condiciones de uso del mismo. Dichas modificaciones podr\u00e1n realizarse a trav\u00e9s de su sitio web por cualquier forma admisible en derecho y ser\u00e1n de obligado cumplimiento durante el tiempo en que se encuentren publicadas en la web y hasta que no sean modificadas v\u00e1lidamente por otras posteriores.<\/p>\n<p>[\/vc_column_text][vc_separator type=&#8221;transparent&#8221; up=&#8221;30&#8243;][vc_column_text]<\/p>\n<h3>Protecci\u00f3n de datos<\/h3>\n<p>&nbsp;<\/p>\n<p style=\"text-align: justify;\">De conformidad con lo establecido en la normativa vigente en Protecci\u00f3n de Datos de Car\u00e1cter Personal, le informamos que sus datos ser\u00e1n incorporados al sistema de tratamiento titularidad de <strong>EL TURO DEL SOL DE CAN MARIAL SL<\/strong> con CIF B61991519 y domicilio social sito en CR DE SANT VICENC MONTALT KM 0.7 08394, SANT VICEN\u00c7 DE MONTALT (BARCELONA), con la finalidad de poder facilitar, agilizar y cumplir los compromisos establecidos entre ambas partes. En cumplimiento con la normativa vigente,<strong> EL TURO DEL SOL DE CAN MARIAL SL<\/strong> informa que los datos ser\u00e1n conservados durante el plazo estrictamente necesario para cumplir con los preceptos mencionados con anterioridad.<\/p>\n<p style=\"text-align: justify;\">Le informamos que el tratamiento de sus datos est\u00e1 legitimado por su consentimiento. .<\/p>\n<p style=\"text-align: justify;\"><strong>EL TURO DEL SOL DE CAN MARIAL SL<\/strong> informa que proceder\u00e1 a tratar los datos de manera l\u00edcita, leal, transparente, adecuada, pertinente, limitada, exacta y actualizada. Es por ello que <strong>EL TURO DEL SOL DE CAN MARIAL SL<\/strong> se compromete a adoptar todas las medidas razonables para que estos se supriman o rectifiquen sin dilaci\u00f3n cuando sean inexactos.<\/p>\n<p style=\"text-align: justify;\">De acuerdo con los derechos que le confiere el la normativa vigente en protecci\u00f3n de datos podr\u00e1 ejercer los derechos de acceso, rectificaci\u00f3n, limitaci\u00f3n de tratamiento, supresi\u00f3n, portabilidad y oposici\u00f3n al tratamiento de sus datos de car\u00e1cter personal as\u00ed como del consentimiento prestado para el tratamiento de los mismos, dirigiendo su petici\u00f3n a la direcci\u00f3n postal indicada m\u00e1s arriba o al correo electr\u00f3nico <a href=\"mailto:turodelsol@turodelsol.com\">turodelsol@turodelsol.com<\/a><\/p>\n<p style=\"text-align: justify;\">Podr\u00e1 dirigirse a la Autoridad de Control competente para presentar la reclamaci\u00f3n que considere oportuna.<\/p>\n<p>[\/vc_column_text][vc_separator type=&#8221;transparent&#8221; up=&#8221;30&#8243;][vc_column_text]<\/p>\n<h3>Certificado SSL (Secure Sockets Layer)<\/h3>\n<p>&nbsp;<\/p>\n<p style=\"text-align: justify;\">El CERTIFICADO SSL proporciona autenticaci\u00f3n, privacidad y seguridad de la informaci\u00f3n entre <strong>EL TURO DEL SOL DE CAN MARIAL SL<\/strong> y el usuario.<\/p>\n<p style=\"text-align: justify;\"><strong>EL TURO DEL SOL DE CAN MARIAL SL<\/strong> dispone de un certificado de seguridad que se utiliza por CERTIFICADO SSL para realizar conexiones seguras.<\/p>\n<p style=\"text-align: justify;\">En este proceso se establecen varios par\u00e1metros para realizar la conexi\u00f3n de forma segura y se establece usando llaves preestablecidas, codificando y descodificando todos los datos enviados hasta que la conexi\u00f3n sea cerrada.<\/p>\n<p>[\/vc_column_text][vc_separator type=&#8221;transparent&#8221; up=&#8221;30&#8243;][vc_column_text]<\/p>\n<h3>Propiedad intelectual e industrial<\/h3>\n<p>&nbsp;<\/p>\n<p style=\"text-align: justify;\"><strong>EL TURO DEL SOL DE CAN MARIAL SL<\/strong> por s\u00ed misma o como cesionaria, es titular de todos los derechos de propiedad intelectual e industrial de su p\u00e1gina web, as\u00ed como de los elementos contenidos en la misma (a t\u00edtulo enunciativo, im\u00e1genes, sonido, audio, v\u00eddeo, software o textos; marcas o logotipos, combinaciones de colores, estructura y dise\u00f1o, selecci\u00f3n de materiales usados, programas de ordenador necesarios para su funcionamiento, acceso y uso, etc.), titularidad de <strong>EL TURO DEL SOL DE CAN MARIAL SL.<\/strong> Ser\u00e1n, por consiguiente, obras protegidas como propiedad intelectual por el ordenamiento jur\u00eddico espa\u00f1ol, si\u00e9ndoles aplicables tanto la normativa espa\u00f1ola y comunitaria en este campo, como los tratados internacionales relativos a la materia y suscritos por Espa\u00f1a.<\/p>\n<p style=\"text-align: justify;\">Todos los derechos reservados. En virtud de lo dispuesto en la Ley de Propiedad Intelectual, quedan expresamente prohibidas la reproducci\u00f3n, la distribuci\u00f3n y la comunicaci\u00f3n p\u00fablica, incluida su modalidad de puesta a disposici\u00f3n, de la totalidad o parte de los contenidos de esta p\u00e1gina web, con fines comerciales, en cualquier soporte y por cualquier medio t\u00e9cnico, sin la autorizaci\u00f3n de <strong>EL TURO DEL SOL DE CAN MARIAL SL.<\/strong><\/p>\n<p style=\"text-align: justify;\">El usuario se compromete a respetar los derechos de Propiedad Intelectual e Industrial titularidad de <strong>EL TURO DEL SOL DE CAN MARIAL SL.<\/strong> Podr\u00e1 visualizar los elementos del portal e incluso imprimirlos, copiarlos y almacenarlos en el disco duro de su ordenador o en cualquier otro soporte f\u00edsico siempre y cuando sea, \u00fanica y exclusivamente, para su uso personal y privado. El usuario deber\u00e1 abstenerse de suprimir, alterar, eludir o manipular cualquier dispositivo de protecci\u00f3n o sistema de seguridad que estuviera instalado en las p\u00e1ginas de <strong>EL TURO DEL SOL DE CAN MARIAL SL.<\/strong><\/p>\n<p>[\/vc_column_text][vc_separator type=&#8221;transparent&#8221; up=&#8221;30&#8243;][vc_column_text]<\/p>\n<h3>Acciones legales, legislaci\u00f3n aplicable y jurisdicci\u00f3n<\/h3>\n<p>&nbsp;<\/p>\n<p>&nbsp;<\/p>\n<p><strong>EL TURO DEL SOL DE CAN MARIAL SL<\/strong> se reserva, asimismo, la facultad de presentar las acciones civiles o penales que considere oportunas por la utilizaci\u00f3n indebida de su sitio web y contenidos, o por el incumplimiento de las presentes condiciones.<\/p>\n<p>&nbsp;<\/p>\n<p>La relaci\u00f3n entre el usuario y el prestador se regir\u00e1 por la normativa vigente y de aplicaci\u00f3n en el territorio espa\u00f1ol. De surgir cualquier controversia las partes podr\u00e1n someter sus conflictos a arbitraje o acudir a la jurisdicci\u00f3n ordinaria cumpliendo con las normas sobre jurisdicci\u00f3n y competencia al respecto. <strong>EL TURO DEL SOL DE CAN MARIAL SL<\/strong> tiene su domicilio en BARCELONA, Espa\u00f1a.[\/vc_column_text][vc_separator type=&#8221;transparent&#8221; up=&#8221;50&#8243;][\/vc_column][vc_column width=&#8221;1\/6&#8243;][\/vc_column][\/vc_row]<\/p>\n","protected":false},"excerpt":{"rendered":"<p>[vc_row css_animation=&#8221;&#8221; row_type=&#8221;row&#8221; use_row_as_full_screen_section=&#8221;no&#8221; type=&#8221;grid&#8221; angled_section=&#8221;no&#8221; text_align=&#8221;left&#8221; background_image_as_pattern=&#8221;without_pattern&#8221; z_index=&#8221;&#8221;][vc_column width=&#8221;1\/6&#8243;][\/vc_column][vc_column width=&#8221;2\/3&#8243;][vc_column_text] CONDICIONES DE USO &nbsp; En cumplimiento de la Ley 34\/2002, de 11 de julio, de Servicios de la Sociedad de la Informaci\u00f3n y de Comercio Electr\u00f3nico (LSSI-CE), EL TURO DEL SOL DE CAN MARIAL&#8230;<\/p>\n","protected":false},"author":1,"featured_media":0,"parent":0,"menu_order":0,"comment_status":"closed","ping_status":"closed","template":"","meta":{"_monsterinsights_skip_tracking":false,"_monsterinsights_sitenote_active":false,"_monsterinsights_sitenote_note":"","_monsterinsights_sitenote_category":0},"yoast_head":"<!-- This site is optimized with the Yoast SEO plugin v19.10 - https:\/\/yoast.com\/wordpress\/plugins\/seo\/ -->\n<title>Condicions d&#039;\u00fas | Tur\u00f3 del Sol<\/title>\n<meta name=\"robots\" content=\"noindex, nofollow\" \/>\n<meta property=\"og:locale\" content=\"ca_ES\" \/>\n<meta property=\"og:type\" content=\"article\" \/>\n<meta property=\"og:title\" content=\"Condicions d&#039;\u00fas | Tur\u00f3 del Sol\" \/>\n<meta property=\"og:description\" content=\"[vc_row css_animation=&#8221;&#8221; row_type=&#8221;row&#8221; use_row_as_full_screen_section=&#8221;no&#8221; type=&#8221;grid&#8221; angled_section=&#8221;no&#8221; text_align=&#8221;left&#8221; background_image_as_pattern=&#8221;without_pattern&#8221; z_index=&#8221;&#8221;][vc_column width=&#8221;1\/6&#8243;][\/vc_column][vc_column width=&#8221;2\/3&#8243;][vc_column_text] CONDICIONES DE USO &nbsp; En cumplimiento de la Ley 34\/2002, de 11 de julio, de Servicios de la Sociedad de la Informaci\u00f3n y de Comercio Electr\u00f3nico (LSSI-CE), EL TURO DEL SOL DE CAN MARIAL...\" \/>\n<meta property=\"og:url\" content=\"https:\/\/turodelsol.com\/ca\/condicions-dus\/\" \/>\n<meta property=\"og:site_name\" content=\"Tur\u00f3 del Sol\" \/>\n<meta property=\"article:publisher\" content=\"https:\/\/es-es.facebook.com\/turodelsol\" \/>\n<meta property=\"article:modified_time\" content=\"2020-01-28T17:21:54+00:00\" \/>\n<meta name=\"twitter:card\" content=\"summary_large_image\" \/>\n<meta name=\"twitter:label1\" content=\"Temps estimat de lectura\" \/>\n\t<meta name=\"twitter:data1\" content=\"8 minuts\" \/>\n<script type=\"application\/ld+json\" class=\"yoast-schema-graph\">{\"@context\":\"https:\/\/schema.org\",\"@graph\":[{\"@type\":\"WebPage\",\"@id\":\"https:\/\/turodelsol.com\/ca\/condicions-dus\/\",\"url\":\"https:\/\/turodelsol.com\/ca\/condicions-dus\/\",\"name\":\"Condicions d'\u00fas | Tur\u00f3 del Sol\",\"isPartOf\":{\"@id\":\"https:\/\/turodelsol.com\/#website\"},\"datePublished\":\"2019-02-28T18:45:12+00:00\",\"dateModified\":\"2020-01-28T17:21:54+00:00\",\"breadcrumb\":{\"@id\":\"https:\/\/turodelsol.com\/ca\/condicions-dus\/#breadcrumb\"},\"inLanguage\":\"ca\",\"potentialAction\":[{\"@type\":\"ReadAction\",\"target\":[\"https:\/\/turodelsol.com\/ca\/condicions-dus\/\"]}]},{\"@type\":\"BreadcrumbList\",\"@id\":\"https:\/\/turodelsol.com\/ca\/condicions-dus\/#breadcrumb\",\"itemListElement\":[{\"@type\":\"ListItem\",\"position\":1,\"name\":\"Portada\",\"item\":\"https:\/\/turodelsol.com\/ca\/\"},{\"@type\":\"ListItem\",\"position\":2,\"name\":\"Condicions d&#8217;\u00fas\"}]},{\"@type\":\"WebSite\",\"@id\":\"https:\/\/turodelsol.com\/#website\",\"url\":\"https:\/\/turodelsol.com\/\",\"name\":\"Tur\u00f3 del Sol\",\"description\":\"Restaurante para bodas Barcelona\",\"publisher\":{\"@id\":\"https:\/\/turodelsol.com\/#organization\"},\"potentialAction\":[{\"@type\":\"SearchAction\",\"target\":{\"@type\":\"EntryPoint\",\"urlTemplate\":\"https:\/\/turodelsol.com\/?s={search_term_string}\"},\"query-input\":\"required name=search_term_string\"}],\"inLanguage\":\"ca\"},{\"@type\":\"Organization\",\"@id\":\"https:\/\/turodelsol.com\/#organization\",\"name\":\"Restaurante Tur\u00f3 del Sol\",\"url\":\"https:\/\/turodelsol.com\/\",\"logo\":{\"@type\":\"ImageObject\",\"inLanguage\":\"ca\",\"@id\":\"https:\/\/turodelsol.com\/#\/schema\/logo\/image\/\",\"url\":\"https:\/\/turodelsol.com\/wp-content\/uploads\/2018\/12\/logo-turo-del-sol-web-2019-1.png\",\"contentUrl\":\"https:\/\/turodelsol.com\/wp-content\/uploads\/2018\/12\/logo-turo-del-sol-web-2019-1.png\",\"width\":214,\"height\":100,\"caption\":\"Restaurante Tur\u00f3 del Sol\"},\"image\":{\"@id\":\"https:\/\/turodelsol.com\/#\/schema\/logo\/image\/\"},\"sameAs\":[\"https:\/\/www.instagram.com\/turodelsol\/\",\"https:\/\/es-es.facebook.com\/turodelsol\"]}]}<\/script>\n<!-- \/ Yoast SEO plugin. -->","yoast_head_json":{"title":"Condicions d'\u00fas | Tur\u00f3 del Sol","robots":{"index":"noindex","follow":"nofollow"},"og_locale":"ca_ES","og_type":"article","og_title":"Condicions d'\u00fas | Tur\u00f3 del Sol","og_description":"[vc_row css_animation=&#8221;&#8221; row_type=&#8221;row&#8221; use_row_as_full_screen_section=&#8221;no&#8221; type=&#8221;grid&#8221; angled_section=&#8221;no&#8221; text_align=&#8221;left&#8221; background_image_as_pattern=&#8221;without_pattern&#8221; z_index=&#8221;&#8221;][vc_column width=&#8221;1\/6&#8243;][\/vc_column][vc_column width=&#8221;2\/3&#8243;][vc_column_text] CONDICIONES DE USO &nbsp; En cumplimiento de la Ley 34\/2002, de 11 de julio, de Servicios de la Sociedad de la Informaci\u00f3n y de Comercio Electr\u00f3nico (LSSI-CE), EL TURO DEL SOL DE CAN MARIAL...","og_url":"https:\/\/turodelsol.com\/ca\/condicions-dus\/","og_site_name":"Tur\u00f3 del Sol","article_publisher":"https:\/\/es-es.facebook.com\/turodelsol","article_modified_time":"2020-01-28T17:21:54+00:00","twitter_card":"summary_large_image","twitter_misc":{"Temps estimat de lectura":"8 minuts"},"schema":{"@context":"https:\/\/schema.org","@graph":[{"@type":"WebPage","@id":"https:\/\/turodelsol.com\/ca\/condicions-dus\/","url":"https:\/\/turodelsol.com\/ca\/condicions-dus\/","name":"Condicions d'\u00fas | Tur\u00f3 del Sol","isPartOf":{"@id":"https:\/\/turodelsol.com\/#website"},"datePublished":"2019-02-28T18:45:12+00:00","dateModified":"2020-01-28T17:21:54+00:00","breadcrumb":{"@id":"https:\/\/turodelsol.com\/ca\/condicions-dus\/#breadcrumb"},"inLanguage":"ca","potentialAction":[{"@type":"ReadAction","target":["https:\/\/turodelsol.com\/ca\/condicions-dus\/"]}]},{"@type":"BreadcrumbList","@id":"https:\/\/turodelsol.com\/ca\/condicions-dus\/#breadcrumb","itemListElement":[{"@type":"ListItem","position":1,"name":"Portada","item":"https:\/\/turodelsol.com\/ca\/"},{"@type":"ListItem","position":2,"name":"Condicions d&#8217;\u00fas"}]},{"@type":"WebSite","@id":"https:\/\/turodelsol.com\/#website","url":"https:\/\/turodelsol.com\/","name":"Tur\u00f3 del Sol","description":"Restaurante para bodas Barcelona","publisher":{"@id":"https:\/\/turodelsol.com\/#organization"},"potentialAction":[{"@type":"SearchAction","target":{"@type":"EntryPoint","urlTemplate":"https:\/\/turodelsol.com\/?s={search_term_string}"},"query-input":"required name=search_term_string"}],"inLanguage":"ca"},{"@type":"Organization","@id":"https:\/\/turodelsol.com\/#organization","name":"Restaurante Tur\u00f3 del Sol","url":"https:\/\/turodelsol.com\/","logo":{"@type":"ImageObject","inLanguage":"ca","@id":"https:\/\/turodelsol.com\/#\/schema\/logo\/image\/","url":"https:\/\/turodelsol.com\/wp-content\/uploads\/2018\/12\/logo-turo-del-sol-web-2019-1.png","contentUrl":"https:\/\/turodelsol.com\/wp-content\/uploads\/2018\/12\/logo-turo-del-sol-web-2019-1.png","width":214,"height":100,"caption":"Restaurante Tur\u00f3 del Sol"},"image":{"@id":"https:\/\/turodelsol.com\/#\/schema\/logo\/image\/"},"sameAs":["https:\/\/www.instagram.com\/turodelsol\/","https:\/\/es-es.facebook.com\/turodelsol"]}]}},"_links":{"self":[{"href":"https:\/\/turodelsol.com\/ca\/wp-json\/wp\/v2\/pages\/18439"}],"collection":[{"href":"https:\/\/turodelsol.com\/ca\/wp-json\/wp\/v2\/pages"}],"about":[{"href":"https:\/\/turodelsol.com\/ca\/wp-json\/wp\/v2\/types\/page"}],"author":[{"embeddable":true,"href":"https:\/\/turodelsol.com\/ca\/wp-json\/wp\/v2\/users\/1"}],"replies":[{"embeddable":true,"href":"https:\/\/turodelsol.com\/ca\/wp-json\/wp\/v2\/comments?post=18439"}],"version-history":[{"count":1,"href":"https:\/\/turodelsol.com\/ca\/wp-json\/wp\/v2\/pages\/18439\/revisions"}],"predecessor-version":[{"id":18440,"href":"https:\/\/turodelsol.com\/ca\/wp-json\/wp\/v2\/pages\/18439\/revisions\/18440"}],"wp:attachment":[{"href":"https:\/\/turodelsol.com\/ca\/wp-json\/wp\/v2\/media?parent=18439"}],"curies":[{"name":"wp","href":"https:\/\/api.w.org\/{rel}","templated":true}]}}