{"id":18335,"date":"2019-04-25T16:02:42","date_gmt":"2019-04-25T16:02:42","guid":{"rendered":"http:\/\/turodelsol.com\/gastronomia\/platos-principales\/"},"modified":"2021-05-22T08:05:25","modified_gmt":"2021-05-22T08:05:25","slug":"plats-principals","status":"publish","type":"page","link":"https:\/\/turodelsol.com\/ca\/la-nostra-gastronomia\/plats-principals\/","title":{"rendered":"Plats principals"},"content":{"rendered":"<p>[vc_row row_type=&#8221;parallax&#8221; parallax_content_width=&#8221;in_grid&#8221; text_align=&#8221;left&#8221; full_screen_section_height=&#8221;no&#8221;][vc_column][vc_separator type=&#8221;transparent&#8221; up=&#8221;7&#8243; down=&#8221;38&#8243;][vc_column_text]<\/p>\n<h2 style=\"text-align: center;\">Cuina Mediterr\u00e0nia<\/h2>\n<p>[\/vc_column_text][vc_separator type=&#8221;small&#8221; position=&#8221;center&#8221; up=&#8221;7&#8243; down=&#8221;38&#8243;][vc_column_text]<\/p>\n<h4 style=\"text-align: center;\">En Turo del Sol disposem d&#8217;un equip de cuina que pot elaborar tot tipus de plats per a persones amb al\u2022l\u00e8rgies o intoler\u00e0ncies, tamb\u00e9 confeccionem men\u00fas per vegans o vegetarians fent men\u00fas personalitzats tenint en compte cadascuna de les particularitats.<\/h4>\n<p>[\/vc_column_text][vc_separator type=&#8221;transparent&#8221; up=&#8221;7&#8243; down=&#8221;38&#8243;][\/vc_column][\/vc_row][vc_row css_animation=&#8221;&#8221; row_type=&#8221;row&#8221; use_row_as_full_screen_section=&#8221;no&#8221; type=&#8221;full_width&#8221; angled_section=&#8221;no&#8221; text_align=&#8221;left&#8221; background_image_as_pattern=&#8221;without_pattern&#8221;][vc_column][vc_column_text]<\/p>\n<h2 style=\"text-align: center;\">Plats Principals<\/h2>\n<p>[\/vc_column_text][vc_separator type=&#8221;small&#8221; position=&#8221;center&#8221; up=&#8221;7&#8243; down=&#8221;38&#8243;][\/vc_column][\/vc_row][vc_row css_animation=&#8221;&#8221; row_type=&#8221;row&#8221; use_row_as_full_screen_section=&#8221;no&#8221; type=&#8221;full_width&#8221; angled_section=&#8221;no&#8221; text_align=&#8221;left&#8221; background_image_as_pattern=&#8221;without_pattern&#8221;][vc_column][vc_tabs style=&#8221;horizontal&#8221;][vc_tab title=&#8221;P\u00e1gina 1&#8243; tab_id=&#8221;05a73ac4-3c73-6051a-203f&#8221;][vc_gallery type=&#8221;image_grid&#8221; images=&#8221;18135,18168,18144,18126,18123,18120&#8243; img_size=&#8221;600&#215;600&#8243; column_number=&#8221;3&#8243; grayscale=&#8221;no&#8221; images_space=&#8221;gallery_without_space&#8221;][\/vc_tab][vc_tab title=&#8221;Pagina 2&#8243; tab_id=&#8221;1556212247845-1-8&#8243;][vc_gallery type=&#8221;image_grid&#8221; images=&#8221;18129,18153,18138,18147,18150,18174&#8243; img_size=&#8221;600&#215;600&#8243; column_number=&#8221;3&#8243; grayscale=&#8221;no&#8221; images_space=&#8221;gallery_without_space&#8221;][\/vc_tab][\/vc_tabs][\/vc_column][\/vc_row][vc_row css_animation=&#8221;&#8221; row_type=&#8221;row&#8221; use_row_as_full_screen_section=&#8221;no&#8221; type=&#8221;full_width&#8221; angled_section=&#8221;no&#8221; text_align=&#8221;left&#8221; background_image_as_pattern=&#8221;without_pattern&#8221;][vc_column][vc_separator type=&#8221;transparent&#8221; up=&#8221;60&#8243;][\/vc_column][\/vc_row]<\/p>\n","protected":false},"excerpt":{"rendered":"<p>[vc_row row_type=&#8221;parallax&#8221; parallax_content_width=&#8221;in_grid&#8221; text_align=&#8221;left&#8221; full_screen_section_height=&#8221;no&#8221;][vc_column][vc_separator type=&#8221;transparent&#8221; up=&#8221;7&#8243; down=&#8221;38&#8243;][vc_column_text] Cuina Mediterr\u00e0nia [\/vc_column_text][vc_separator type=&#8221;small&#8221; position=&#8221;center&#8221; up=&#8221;7&#8243; down=&#8221;38&#8243;][vc_column_text] En Turo del Sol disposem d&#8217;un equip de cuina que pot elaborar tot tipus de plats per a persones amb al\u2022l\u00e8rgies o intoler\u00e0ncies, tamb\u00e9 confeccionem men\u00fas per vegans o vegetarians&#8230;<\/p>\n","protected":false},"author":1,"featured_media":0,"parent":18329,"menu_order":0,"comment_status":"open","ping_status":"closed","template":"full_width.php","meta":{"_monsterinsights_skip_tracking":false,"_monsterinsights_sitenote_active":false,"_monsterinsights_sitenote_note":"","_monsterinsights_sitenote_category":0},"yoast_head":"<!-- This site is optimized with the Yoast SEO plugin v19.10 - https:\/\/yoast.com\/wordpress\/plugins\/seo\/ -->\n<title>Plats principals de la nostra Gastronomia | Restaurant Tur\u00f3 del Sol<\/title>\n<meta name=\"description\" content=\"Plats principals de la nostra Gastronomia en Tur\u00f3 del Sol, basat en cuina mediterr\u00e0nia i de mercat Comptem amb cuina pr\u00f2pia\" \/>\n<meta name=\"robots\" content=\"index, follow, max-snippet:-1, max-image-preview:large, max-video-preview:-1\" \/>\n<link rel=\"canonical\" href=\"https:\/\/turodelsol.com\/ca\/la-nostra-gastronomia\/plats-principals\/\" \/>\n<meta property=\"og:locale\" content=\"ca_ES\" \/>\n<meta property=\"og:type\" content=\"article\" \/>\n<meta property=\"og:title\" content=\"Plats principals de la nostra Gastronomia | Restaurant Tur\u00f3 del Sol\" \/>\n<meta property=\"og:description\" content=\"Plats principals de la nostra Gastronomia en Tur\u00f3 del Sol, basat en cuina mediterr\u00e0nia i de mercat Comptem amb cuina pr\u00f2pia\" \/>\n<meta property=\"og:url\" content=\"https:\/\/turodelsol.com\/ca\/la-nostra-gastronomia\/plats-principals\/\" \/>\n<meta property=\"og:site_name\" content=\"Tur\u00f3 del Sol\" \/>\n<meta property=\"article:publisher\" content=\"https:\/\/es-es.facebook.com\/turodelsol\" \/>\n<meta property=\"article:modified_time\" content=\"2021-05-22T08:05:25+00:00\" \/>\n<meta name=\"twitter:card\" content=\"summary_large_image\" \/>\n<meta name=\"twitter:label1\" content=\"Temps estimat de lectura\" \/>\n\t<meta name=\"twitter:data1\" content=\"1 minut\" \/>\n<script type=\"application\/ld+json\" class=\"yoast-schema-graph\">{\"@context\":\"https:\/\/schema.org\",\"@graph\":[{\"@type\":\"WebPage\",\"@id\":\"https:\/\/turodelsol.com\/ca\/la-nostra-gastronomia\/plats-principals\/\",\"url\":\"https:\/\/turodelsol.com\/ca\/la-nostra-gastronomia\/plats-principals\/\",\"name\":\"Plats principals de la nostra Gastronomia | Restaurant Tur\u00f3 del Sol\",\"isPartOf\":{\"@id\":\"https:\/\/turodelsol.com\/#website\"},\"datePublished\":\"2019-04-25T16:02:42+00:00\",\"dateModified\":\"2021-05-22T08:05:25+00:00\",\"description\":\"Plats principals de la nostra Gastronomia en Tur\u00f3 del Sol, basat en cuina mediterr\u00e0nia i de mercat Comptem amb cuina pr\u00f2pia\",\"breadcrumb\":{\"@id\":\"https:\/\/turodelsol.com\/ca\/la-nostra-gastronomia\/plats-principals\/#breadcrumb\"},\"inLanguage\":\"ca\",\"potentialAction\":[{\"@type\":\"ReadAction\",\"target\":[\"https:\/\/turodelsol.com\/ca\/la-nostra-gastronomia\/plats-principals\/\"]}]},{\"@type\":\"BreadcrumbList\",\"@id\":\"https:\/\/turodelsol.com\/ca\/la-nostra-gastronomia\/plats-principals\/#breadcrumb\",\"itemListElement\":[{\"@type\":\"ListItem\",\"position\":1,\"name\":\"Portada\",\"item\":\"https:\/\/turodelsol.com\/ca\/\"},{\"@type\":\"ListItem\",\"position\":2,\"name\":\"La nostra Gastronomia\",\"item\":\"https:\/\/turodelsol.com\/ca\/la-nostra-gastronomia\/\"},{\"@type\":\"ListItem\",\"position\":3,\"name\":\"Plats principals\"}]},{\"@type\":\"WebSite\",\"@id\":\"https:\/\/turodelsol.com\/#website\",\"url\":\"https:\/\/turodelsol.com\/\",\"name\":\"Tur\u00f3 del Sol\",\"description\":\"Restaurante para bodas Barcelona\",\"publisher\":{\"@id\":\"https:\/\/turodelsol.com\/#organization\"},\"potentialAction\":[{\"@type\":\"SearchAction\",\"target\":{\"@type\":\"EntryPoint\",\"urlTemplate\":\"https:\/\/turodelsol.com\/?s={search_term_string}\"},\"query-input\":\"required name=search_term_string\"}],\"inLanguage\":\"ca\"},{\"@type\":\"Organization\",\"@id\":\"https:\/\/turodelsol.com\/#organization\",\"name\":\"Restaurante Tur\u00f3 del Sol\",\"url\":\"https:\/\/turodelsol.com\/\",\"logo\":{\"@type\":\"ImageObject\",\"inLanguage\":\"ca\",\"@id\":\"https:\/\/turodelsol.com\/#\/schema\/logo\/image\/\",\"url\":\"https:\/\/turodelsol.com\/wp-content\/uploads\/2018\/12\/logo-turo-del-sol-web-2019-1.png\",\"contentUrl\":\"https:\/\/turodelsol.com\/wp-content\/uploads\/2018\/12\/logo-turo-del-sol-web-2019-1.png\",\"width\":214,\"height\":100,\"caption\":\"Restaurante Tur\u00f3 del Sol\"},\"image\":{\"@id\":\"https:\/\/turodelsol.com\/#\/schema\/logo\/image\/\"},\"sameAs\":[\"https:\/\/www.instagram.com\/turodelsol\/\",\"https:\/\/es-es.facebook.com\/turodelsol\"]}]}<\/script>\n<!-- \/ Yoast SEO plugin. -->","yoast_head_json":{"title":"Plats principals de la nostra Gastronomia | Restaurant Tur\u00f3 del Sol","description":"Plats principals de la nostra Gastronomia en Tur\u00f3 del Sol, basat en cuina mediterr\u00e0nia i de mercat Comptem amb cuina pr\u00f2pia","robots":{"index":"index","follow":"follow","max-snippet":"max-snippet:-1","max-image-preview":"max-image-preview:large","max-video-preview":"max-video-preview:-1"},"canonical":"https:\/\/turodelsol.com\/ca\/la-nostra-gastronomia\/plats-principals\/","og_locale":"ca_ES","og_type":"article","og_title":"Plats principals de la nostra Gastronomia | Restaurant Tur\u00f3 del Sol","og_description":"Plats principals de la nostra Gastronomia en Tur\u00f3 del Sol, basat en cuina mediterr\u00e0nia i de mercat Comptem amb cuina pr\u00f2pia","og_url":"https:\/\/turodelsol.com\/ca\/la-nostra-gastronomia\/plats-principals\/","og_site_name":"Tur\u00f3 del Sol","article_publisher":"https:\/\/es-es.facebook.com\/turodelsol","article_modified_time":"2021-05-22T08:05:25+00:00","twitter_card":"summary_large_image","twitter_misc":{"Temps estimat de lectura":"1 minut"},"schema":{"@context":"https:\/\/schema.org","@graph":[{"@type":"WebPage","@id":"https:\/\/turodelsol.com\/ca\/la-nostra-gastronomia\/plats-principals\/","url":"https:\/\/turodelsol.com\/ca\/la-nostra-gastronomia\/plats-principals\/","name":"Plats principals de la nostra Gastronomia | Restaurant Tur\u00f3 del Sol","isPartOf":{"@id":"https:\/\/turodelsol.com\/#website"},"datePublished":"2019-04-25T16:02:42+00:00","dateModified":"2021-05-22T08:05:25+00:00","description":"Plats principals de la nostra Gastronomia en Tur\u00f3 del Sol, basat en cuina mediterr\u00e0nia i de mercat Comptem amb cuina pr\u00f2pia","breadcrumb":{"@id":"https:\/\/turodelsol.com\/ca\/la-nostra-gastronomia\/plats-principals\/#breadcrumb"},"inLanguage":"ca","potentialAction":[{"@type":"ReadAction","target":["https:\/\/turodelsol.com\/ca\/la-nostra-gastronomia\/plats-principals\/"]}]},{"@type":"BreadcrumbList","@id":"https:\/\/turodelsol.com\/ca\/la-nostra-gastronomia\/plats-principals\/#breadcrumb","itemListElement":[{"@type":"ListItem","position":1,"name":"Portada","item":"https:\/\/turodelsol.com\/ca\/"},{"@type":"ListItem","position":2,"name":"La nostra Gastronomia","item":"https:\/\/turodelsol.com\/ca\/la-nostra-gastronomia\/"},{"@type":"ListItem","position":3,"name":"Plats principals"}]},{"@type":"WebSite","@id":"https:\/\/turodelsol.com\/#website","url":"https:\/\/turodelsol.com\/","name":"Tur\u00f3 del Sol","description":"Restaurante para bodas Barcelona","publisher":{"@id":"https:\/\/turodelsol.com\/#organization"},"potentialAction":[{"@type":"SearchAction","target":{"@type":"EntryPoint","urlTemplate":"https:\/\/turodelsol.com\/?s={search_term_string}"},"query-input":"required name=search_term_string"}],"inLanguage":"ca"},{"@type":"Organization","@id":"https:\/\/turodelsol.com\/#organization","name":"Restaurante Tur\u00f3 del Sol","url":"https:\/\/turodelsol.com\/","logo":{"@type":"ImageObject","inLanguage":"ca","@id":"https:\/\/turodelsol.com\/#\/schema\/logo\/image\/","url":"https:\/\/turodelsol.com\/wp-content\/uploads\/2018\/12\/logo-turo-del-sol-web-2019-1.png","contentUrl":"https:\/\/turodelsol.com\/wp-content\/uploads\/2018\/12\/logo-turo-del-sol-web-2019-1.png","width":214,"height":100,"caption":"Restaurante Tur\u00f3 del Sol"},"image":{"@id":"https:\/\/turodelsol.com\/#\/schema\/logo\/image\/"},"sameAs":["https:\/\/www.instagram.com\/turodelsol\/","https:\/\/es-es.facebook.com\/turodelsol"]}]}},"_links":{"self":[{"href":"https:\/\/turodelsol.com\/ca\/wp-json\/wp\/v2\/pages\/18335"}],"collection":[{"href":"https:\/\/turodelsol.com\/ca\/wp-json\/wp\/v2\/pages"}],"about":[{"href":"https:\/\/turodelsol.com\/ca\/wp-json\/wp\/v2\/types\/page"}],"author":[{"embeddable":true,"href":"https:\/\/turodelsol.com\/ca\/wp-json\/wp\/v2\/users\/1"}],"replies":[{"embeddable":true,"href":"https:\/\/turodelsol.com\/ca\/wp-json\/wp\/v2\/comments?post=18335"}],"version-history":[{"count":2,"href":"https:\/\/turodelsol.com\/ca\/wp-json\/wp\/v2\/pages\/18335\/revisions"}],"predecessor-version":[{"id":18337,"href":"https:\/\/turodelsol.com\/ca\/wp-json\/wp\/v2\/pages\/18335\/revisions\/18337"}],"up":[{"embeddable":true,"href":"https:\/\/turodelsol.com\/ca\/wp-json\/wp\/v2\/pages\/18329"}],"wp:attachment":[{"href":"https:\/\/turodelsol.com\/ca\/wp-json\/wp\/v2\/media?parent=18335"}],"curies":[{"name":"wp","href":"https:\/\/api.w.org\/{rel}","templated":true}]}}