{"id":18327,"date":"2019-01-28T08:36:13","date_gmt":"2019-01-28T08:36:13","guid":{"rendered":"http:\/\/turodelsol.com\/galeries\/salones-y-restauracion-propia\/"},"modified":"2020-04-23T15:33:36","modified_gmt":"2020-04-23T15:33:36","slug":"salons-i-restauracio","status":"publish","type":"page","link":"https:\/\/turodelsol.com\/ca\/galeries\/salons-i-restauracio\/","title":{"rendered":"Salons i restauraci\u00f3"},"content":{"rendered":"<p>[vc_row css_animation=&#8221;&#8221; row_type=&#8221;row&#8221; use_row_as_full_screen_section=&#8221;no&#8221; type=&#8221;grid&#8221; angled_section=&#8221;no&#8221; text_align=&#8221;left&#8221; background_image_as_pattern=&#8221;without_pattern&#8221; padding_top=&#8221;30&#8243; z_index=&#8221;&#8221;][vc_column width=&#8221;1\/6&#8243;][\/vc_column][vc_column width=&#8221;2\/3&#8243;][vc_column_text]<\/p>\n<h4 style=\"text-align: center;\">En Tur\u00f3 del sol trobar\u00e0s unes sales amb vistes a uns jardins de somni. Una celebraci\u00f3 en exclusiva sense horaris d&#8217;entrada o sortida. Capacitat de sales fins a 300 comensals. Oferim una cuina Mediterr\u00e0nia i de mercat, on el nostre xef selecciona amb cura els millors ingredients segons la temporada i elabora la nostra carta, sempre actualitzant aperitius, plats i postres, millorant textures i pensant sempre en vosaltres.<\/h4>\n<p>[\/vc_column_text][\/vc_column][vc_column width=&#8221;1\/6&#8243;][\/vc_column][\/vc_row][vc_row css_animation=&#8221;&#8221; row_type=&#8221;row&#8221; use_row_as_full_screen_section=&#8221;no&#8221; type=&#8221;full_width&#8221; angled_section=&#8221;no&#8221; text_align=&#8221;left&#8221; background_image_as_pattern=&#8221;without_pattern&#8221;][vc_column][vc_separator type=&#8221;transparent&#8221; up=&#8221;30&#8243;][\/vc_column][\/vc_row][vc_row css_animation=&#8221;&#8221; row_type=&#8221;row&#8221; use_row_as_full_screen_section=&#8221;no&#8221; type=&#8221;full_width&#8221; angled_section=&#8221;no&#8221; text_align=&#8221;left&#8221; background_image_as_pattern=&#8221;without_pattern&#8221;][vc_column][vc_tabs style=&#8221;horizontal&#8221;][vc_tab title=&#8221;P\u00e1gina 1&#8243; tab_id=&#8221;05a73ac4-3c73-6&#8243;][vc_gallery type=&#8221;image_grid&#8221; images=&#8221;17910,17946,17916,17928,17913,17931,17922,17934,18482,18480,17925,17940,17943,17949,18488,18486,18484,18478&#8243; img_size=&#8221;600&#215;600&#8243; column_number=&#8221;3&#8243; grayscale=&#8221;no&#8221; images_space=&#8221;gallery_without_space&#8221;][\/vc_tab][\/vc_tabs][\/vc_column][\/vc_row][vc_row css_animation=&#8221;&#8221; row_type=&#8221;row&#8221; use_row_as_full_screen_section=&#8221;no&#8221; type=&#8221;full_width&#8221; angled_section=&#8221;no&#8221; text_align=&#8221;left&#8221; background_image_as_pattern=&#8221;without_pattern&#8221;][vc_column][vc_separator type=&#8221;transparent&#8221; up=&#8221;50&#8243;][\/vc_column][\/vc_row]<\/p>\n","protected":false},"excerpt":{"rendered":"<p>[vc_row css_animation=&#8221;&#8221; row_type=&#8221;row&#8221; use_row_as_full_screen_section=&#8221;no&#8221; type=&#8221;grid&#8221; angled_section=&#8221;no&#8221; text_align=&#8221;left&#8221; background_image_as_pattern=&#8221;without_pattern&#8221; padding_top=&#8221;30&#8243; z_index=&#8221;&#8221;][vc_column width=&#8221;1\/6&#8243;][\/vc_column][vc_column width=&#8221;2\/3&#8243;][vc_column_text] En Tur\u00f3 del sol trobar\u00e0s unes sales amb vistes a uns jardins de somni. Una celebraci\u00f3 en exclusiva sense horaris d&#8217;entrada o sortida. Capacitat de sales fins a 300 comensals. Oferim una cuina&#8230;<\/p>\n","protected":false},"author":1,"featured_media":0,"parent":18315,"menu_order":0,"comment_status":"open","ping_status":"closed","template":"full_width.php","meta":{"_monsterinsights_skip_tracking":false,"_monsterinsights_sitenote_active":false,"_monsterinsights_sitenote_note":"","_monsterinsights_sitenote_category":0},"yoast_head":"<!-- This site is optimized with the Yoast SEO plugin v19.10 - https:\/\/yoast.com\/wordpress\/plugins\/seo\/ -->\n<title>Restauraci\u00f3n y Salones | Galer\u00edas de fotos<\/title>\n<meta name=\"description\" content=\"Restaurante bodas Barcelona dispone de amplios jardines, tu restaurante en Sant Vicen\u00e7 de Montalt Restauraci\u00f3n\" \/>\n<meta name=\"robots\" content=\"index, follow, max-snippet:-1, max-image-preview:large, max-video-preview:-1\" \/>\n<link rel=\"canonical\" href=\"https:\/\/turodelsol.com\/ca\/galeries\/salons-i-restauracio\/\" \/>\n<meta property=\"og:locale\" content=\"ca_ES\" \/>\n<meta property=\"og:type\" content=\"article\" \/>\n<meta property=\"og:title\" content=\"Restauraci\u00f3n y Salones | Galer\u00edas de fotos\" \/>\n<meta property=\"og:description\" content=\"Restaurante bodas Barcelona dispone de amplios jardines, tu restaurante en Sant Vicen\u00e7 de Montalt Restauraci\u00f3n\" \/>\n<meta property=\"og:url\" content=\"https:\/\/turodelsol.com\/ca\/galeries\/salons-i-restauracio\/\" \/>\n<meta property=\"og:site_name\" content=\"Tur\u00f3 del Sol\" \/>\n<meta property=\"article:publisher\" content=\"https:\/\/es-es.facebook.com\/turodelsol\" \/>\n<meta property=\"article:modified_time\" content=\"2020-04-23T15:33:36+00:00\" \/>\n<meta name=\"twitter:card\" content=\"summary_large_image\" \/>\n<meta name=\"twitter:label1\" content=\"Temps estimat de lectura\" \/>\n\t<meta name=\"twitter:data1\" content=\"1 minut\" \/>\n<script type=\"application\/ld+json\" class=\"yoast-schema-graph\">{\"@context\":\"https:\/\/schema.org\",\"@graph\":[{\"@type\":\"WebPage\",\"@id\":\"https:\/\/turodelsol.com\/ca\/galeries\/salons-i-restauracio\/\",\"url\":\"https:\/\/turodelsol.com\/ca\/galeries\/salons-i-restauracio\/\",\"name\":\"Restauraci\u00f3n y Salones | Galer\u00edas de fotos\",\"isPartOf\":{\"@id\":\"https:\/\/turodelsol.com\/#website\"},\"datePublished\":\"2019-01-28T08:36:13+00:00\",\"dateModified\":\"2020-04-23T15:33:36+00:00\",\"description\":\"Restaurante bodas Barcelona dispone de amplios jardines, tu restaurante en Sant Vicen\u00e7 de Montalt Restauraci\u00f3n\",\"breadcrumb\":{\"@id\":\"https:\/\/turodelsol.com\/ca\/galeries\/salons-i-restauracio\/#breadcrumb\"},\"inLanguage\":\"ca\",\"potentialAction\":[{\"@type\":\"ReadAction\",\"target\":[\"https:\/\/turodelsol.com\/ca\/galeries\/salons-i-restauracio\/\"]}]},{\"@type\":\"BreadcrumbList\",\"@id\":\"https:\/\/turodelsol.com\/ca\/galeries\/salons-i-restauracio\/#breadcrumb\",\"itemListElement\":[{\"@type\":\"ListItem\",\"position\":1,\"name\":\"Portada\",\"item\":\"https:\/\/turodelsol.com\/ca\/\"},{\"@type\":\"ListItem\",\"position\":2,\"name\":\"Galeries\",\"item\":\"https:\/\/turodelsol.com\/ca\/galeries\/\"},{\"@type\":\"ListItem\",\"position\":3,\"name\":\"Salons i restauraci\u00f3\"}]},{\"@type\":\"WebSite\",\"@id\":\"https:\/\/turodelsol.com\/#website\",\"url\":\"https:\/\/turodelsol.com\/\",\"name\":\"Tur\u00f3 del Sol\",\"description\":\"Restaurante para bodas Barcelona\",\"publisher\":{\"@id\":\"https:\/\/turodelsol.com\/#organization\"},\"potentialAction\":[{\"@type\":\"SearchAction\",\"target\":{\"@type\":\"EntryPoint\",\"urlTemplate\":\"https:\/\/turodelsol.com\/?s={search_term_string}\"},\"query-input\":\"required name=search_term_string\"}],\"inLanguage\":\"ca\"},{\"@type\":\"Organization\",\"@id\":\"https:\/\/turodelsol.com\/#organization\",\"name\":\"Restaurante Tur\u00f3 del Sol\",\"url\":\"https:\/\/turodelsol.com\/\",\"logo\":{\"@type\":\"ImageObject\",\"inLanguage\":\"ca\",\"@id\":\"https:\/\/turodelsol.com\/#\/schema\/logo\/image\/\",\"url\":\"https:\/\/turodelsol.com\/wp-content\/uploads\/2018\/12\/logo-turo-del-sol-web-2019-1.png\",\"contentUrl\":\"https:\/\/turodelsol.com\/wp-content\/uploads\/2018\/12\/logo-turo-del-sol-web-2019-1.png\",\"width\":214,\"height\":100,\"caption\":\"Restaurante Tur\u00f3 del Sol\"},\"image\":{\"@id\":\"https:\/\/turodelsol.com\/#\/schema\/logo\/image\/\"},\"sameAs\":[\"https:\/\/www.instagram.com\/turodelsol\/\",\"https:\/\/es-es.facebook.com\/turodelsol\"]}]}<\/script>\n<!-- \/ Yoast SEO plugin. -->","yoast_head_json":{"title":"Restauraci\u00f3n y Salones | Galer\u00edas de fotos","description":"Restaurante bodas Barcelona dispone de amplios jardines, tu restaurante en Sant Vicen\u00e7 de Montalt Restauraci\u00f3n","robots":{"index":"index","follow":"follow","max-snippet":"max-snippet:-1","max-image-preview":"max-image-preview:large","max-video-preview":"max-video-preview:-1"},"canonical":"https:\/\/turodelsol.com\/ca\/galeries\/salons-i-restauracio\/","og_locale":"ca_ES","og_type":"article","og_title":"Restauraci\u00f3n y Salones | Galer\u00edas de fotos","og_description":"Restaurante bodas Barcelona dispone de amplios jardines, tu restaurante en Sant Vicen\u00e7 de Montalt Restauraci\u00f3n","og_url":"https:\/\/turodelsol.com\/ca\/galeries\/salons-i-restauracio\/","og_site_name":"Tur\u00f3 del Sol","article_publisher":"https:\/\/es-es.facebook.com\/turodelsol","article_modified_time":"2020-04-23T15:33:36+00:00","twitter_card":"summary_large_image","twitter_misc":{"Temps estimat de lectura":"1 minut"},"schema":{"@context":"https:\/\/schema.org","@graph":[{"@type":"WebPage","@id":"https:\/\/turodelsol.com\/ca\/galeries\/salons-i-restauracio\/","url":"https:\/\/turodelsol.com\/ca\/galeries\/salons-i-restauracio\/","name":"Restauraci\u00f3n y Salones | Galer\u00edas de fotos","isPartOf":{"@id":"https:\/\/turodelsol.com\/#website"},"datePublished":"2019-01-28T08:36:13+00:00","dateModified":"2020-04-23T15:33:36+00:00","description":"Restaurante bodas Barcelona dispone de amplios jardines, tu restaurante en Sant Vicen\u00e7 de Montalt Restauraci\u00f3n","breadcrumb":{"@id":"https:\/\/turodelsol.com\/ca\/galeries\/salons-i-restauracio\/#breadcrumb"},"inLanguage":"ca","potentialAction":[{"@type":"ReadAction","target":["https:\/\/turodelsol.com\/ca\/galeries\/salons-i-restauracio\/"]}]},{"@type":"BreadcrumbList","@id":"https:\/\/turodelsol.com\/ca\/galeries\/salons-i-restauracio\/#breadcrumb","itemListElement":[{"@type":"ListItem","position":1,"name":"Portada","item":"https:\/\/turodelsol.com\/ca\/"},{"@type":"ListItem","position":2,"name":"Galeries","item":"https:\/\/turodelsol.com\/ca\/galeries\/"},{"@type":"ListItem","position":3,"name":"Salons i restauraci\u00f3"}]},{"@type":"WebSite","@id":"https:\/\/turodelsol.com\/#website","url":"https:\/\/turodelsol.com\/","name":"Tur\u00f3 del Sol","description":"Restaurante para bodas Barcelona","publisher":{"@id":"https:\/\/turodelsol.com\/#organization"},"potentialAction":[{"@type":"SearchAction","target":{"@type":"EntryPoint","urlTemplate":"https:\/\/turodelsol.com\/?s={search_term_string}"},"query-input":"required name=search_term_string"}],"inLanguage":"ca"},{"@type":"Organization","@id":"https:\/\/turodelsol.com\/#organization","name":"Restaurante Tur\u00f3 del Sol","url":"https:\/\/turodelsol.com\/","logo":{"@type":"ImageObject","inLanguage":"ca","@id":"https:\/\/turodelsol.com\/#\/schema\/logo\/image\/","url":"https:\/\/turodelsol.com\/wp-content\/uploads\/2018\/12\/logo-turo-del-sol-web-2019-1.png","contentUrl":"https:\/\/turodelsol.com\/wp-content\/uploads\/2018\/12\/logo-turo-del-sol-web-2019-1.png","width":214,"height":100,"caption":"Restaurante Tur\u00f3 del Sol"},"image":{"@id":"https:\/\/turodelsol.com\/#\/schema\/logo\/image\/"},"sameAs":["https:\/\/www.instagram.com\/turodelsol\/","https:\/\/es-es.facebook.com\/turodelsol"]}]}},"_links":{"self":[{"href":"https:\/\/turodelsol.com\/ca\/wp-json\/wp\/v2\/pages\/18327"}],"collection":[{"href":"https:\/\/turodelsol.com\/ca\/wp-json\/wp\/v2\/pages"}],"about":[{"href":"https:\/\/turodelsol.com\/ca\/wp-json\/wp\/v2\/types\/page"}],"author":[{"embeddable":true,"href":"https:\/\/turodelsol.com\/ca\/wp-json\/wp\/v2\/users\/1"}],"replies":[{"embeddable":true,"href":"https:\/\/turodelsol.com\/ca\/wp-json\/wp\/v2\/comments?post=18327"}],"version-history":[{"count":4,"href":"https:\/\/turodelsol.com\/ca\/wp-json\/wp\/v2\/pages\/18327\/revisions"}],"predecessor-version":[{"id":18530,"href":"https:\/\/turodelsol.com\/ca\/wp-json\/wp\/v2\/pages\/18327\/revisions\/18530"}],"up":[{"embeddable":true,"href":"https:\/\/turodelsol.com\/ca\/wp-json\/wp\/v2\/pages\/18315"}],"wp:attachment":[{"href":"https:\/\/turodelsol.com\/ca\/wp-json\/wp\/v2\/media?parent=18327"}],"curies":[{"name":"wp","href":"https:\/\/api.w.org\/{rel}","templated":true}]}}