{"id":17446,"date":"2019-01-25T16:23:21","date_gmt":"2019-01-25T16:23:21","guid":{"rendered":"http:\/\/turodelsol.com\/contacto\/"},"modified":"2021-05-22T08:12:49","modified_gmt":"2021-05-22T08:12:49","slug":"contacte","status":"publish","type":"page","link":"https:\/\/turodelsol.com\/ca\/contacte\/","title":{"rendered":"Contacte"},"content":{"rendered":"<p>[vc_row css_animation=&#8221;&#8221; row_type=&#8221;row&#8221; use_row_as_full_screen_section=&#8221;no&#8221; type=&#8221;grid&#8221; angled_section=&#8221;no&#8221; text_align=&#8221;left&#8221; background_image_as_pattern=&#8221;without_pattern&#8221; padding_top=&#8221;75&#8243; z_index=&#8221;&#8221;][vc_column width=&#8221;1\/2&#8243;][vc_row_inner row_type=&#8221;row&#8221; type=&#8221;full_width&#8221; text_align=&#8221;center&#8221; css_animation=&#8221;&#8221;][vc_column_inner][vc_separator type=&#8221;transparent&#8221; up=&#8221;10&#8243; down=&#8221;0&#8243;][vc_column_text]<\/p>\n<h5 style=\"text-align: center;\">Ubicaci\u00f3<\/h5>\n<p>[\/vc_column_text][vc_separator type=&#8221;small&#8221; position=&#8221;center&#8221; up=&#8221;7&#8243; down=&#8221;38&#8243;][vc_column_text]<\/p>\n<p style=\"text-align: center;\">Ctra. Sant Vicen\u00e7 de Montalt km, 0,700<br \/>\nSant Vicen\u00e7 de Montalt (Barcelona)<br \/>\nTel. 93 791 12 74\/93 791 32 74<\/p>\n<p>[\/vc_column_text][vc_separator type=&#8221;transparent&#8221; up=&#8221;35&#8243; down=&#8221;0&#8243;][vc_separator type=&#8221;transparent&#8221; up=&#8221;59&#8243; down=&#8221;0&#8243;][\/vc_column_inner][\/vc_row_inner][\/vc_column][vc_column width=&#8221;1\/2&#8243; css=&#8221;.vc_custom_1546886562905{margin-left: 30px !important;}&#8221;][vc_column_text]<\/p>\n<h5 style=\"text-align: center;\">Com arribar<\/h5>\n<p>[\/vc_column_text][vc_separator type=&#8221;small&#8221; position=&#8221;center&#8221; up=&#8221;7&#8243; down=&#8221;38&#8243;][vc_column_text]<\/p>\n<p style=\"text-align: center;\">Situada a nom\u00e9s 30km de Barcelona i a nom\u00e9s 60 metres de la sortida 108 de l&#8217;Autopista C-32, a la Carretera de Sant Vicen\u00e7 de Montalt km 0,7.<br \/>\nCoordenades de GPS: 41.57148, 2.51687<\/p>\n<p>[\/vc_column_text][\/vc_column][\/vc_row][vc_row css_animation=&#8221;&#8221; row_type=&#8221;row&#8221; use_row_as_full_screen_section=&#8221;no&#8221; type=&#8221;full_width&#8221; angled_section=&#8221;no&#8221; text_align=&#8221;left&#8221; background_image_as_pattern=&#8221;without_pattern&#8221;][vc_column][vc_column_text]<\/p>\n<h5 style=\"text-align: center;\">Contactar<\/h5>\n<p>[\/vc_column_text][vc_separator type=&#8221;small&#8221; position=&#8221;center&#8221; up=&#8221;7&#8243; down=&#8221;38&#8243;][\/vc_column][\/vc_row][vc_row css_animation=&#8221;&#8221; row_type=&#8221;row&#8221; use_row_as_full_screen_section=&#8221;no&#8221; type=&#8221;grid&#8221; angled_section=&#8221;no&#8221; text_align=&#8221;left&#8221; background_image_as_pattern=&#8221;without_pattern&#8221; z_index=&#8221;&#8221;][vc_column width=&#8221;2\/3&#8243;]<div role=\"form\" class=\"wpcf7\" id=\"wpcf7-f18390-o1\" lang=\"es-ES\" dir=\"ltr\">\n<div class=\"screen-reader-response\"><p role=\"status\" aria-live=\"polite\" aria-atomic=\"true\"><\/p> <ul><\/ul><\/div>\n<form action=\"\/ca\/wp-json\/wp\/v2\/pages\/17446#wpcf7-f18390-o1\" method=\"post\" class=\"wpcf7-form init cf7_custom_style_1\" novalidate=\"novalidate\" data-status=\"init\">\n<div style=\"display: none;\">\n<input type=\"hidden\" name=\"_wpcf7\" value=\"18390\" \/>\n<input type=\"hidden\" name=\"_wpcf7_version\" value=\"5.6.4\" \/>\n<input type=\"hidden\" name=\"_wpcf7_locale\" value=\"es_ES\" \/>\n<input type=\"hidden\" name=\"_wpcf7_unit_tag\" value=\"wpcf7-f18390-o1\" \/>\n<input type=\"hidden\" name=\"_wpcf7_container_post\" value=\"0\" \/>\n<input type=\"hidden\" name=\"_wpcf7_posted_data_hash\" value=\"\" \/>\n<input type=\"hidden\" name=\"_wpcf7_recaptcha_response\" value=\"\" \/>\n<\/div>\n<p>Nom (requerit):<span class=\"wpcf7-form-control-wrap\" data-name=\"your-name\"><input type=\"text\" name=\"your-name\" value=\"\" size=\"40\" class=\"wpcf7-form-control wpcf7-text wpcf7-validates-as-required\" aria-required=\"true\" aria-invalid=\"false\" \/><\/span><br \/>\nTel\u00e8fon: <span class=\"wpcf7-form-control-wrap\" data-name=\"telefono\"><input type=\"text\" name=\"telefono\" value=\"\" size=\"40\" class=\"wpcf7-form-control wpcf7-text wpcf7-validates-as-required\" aria-required=\"true\" aria-invalid=\"false\" \/><\/span><br \/>\nCorreu electr\u00f2nic (requerit): <span class=\"wpcf7-form-control-wrap\" data-name=\"your-email\"><input type=\"email\" name=\"your-email\" value=\"\" size=\"40\" class=\"wpcf7-form-control wpcf7-text wpcf7-email wpcf7-validates-as-required wpcf7-validates-as-email\" aria-required=\"true\" aria-invalid=\"false\" \/><\/span><br \/>\nAssumpte:    <span class=\"wpcf7-form-control-wrap\" data-name=\"your-subject\"><input type=\"text\" name=\"your-subject\" value=\"\" size=\"40\" class=\"wpcf7-form-control wpcf7-text\" aria-invalid=\"false\" \/><\/span><br \/>\nMissatge:    <span class=\"wpcf7-form-control-wrap\" data-name=\"your-message\"><textarea name=\"your-message\" cols=\"40\" rows=\"10\" class=\"wpcf7-form-control wpcf7-textarea\" aria-invalid=\"false\"><\/textarea><\/span> <\/p>\n<p><span class=\"wpcf7-form-control-wrap\" data-name=\"clausulas\"><select name=\"clausulas\" class=\"wpcf7-form-control wpcf7-select\" aria-invalid=\"false\"><option value=\"He llegit i accepto rebre publicitat o informaci\u00f3 promocional d&#039;EL TURO DEL SOL DE CAN MARIAL SL.\">He llegit i accepto rebre publicitat o informaci\u00f3 promocional d&#039;EL TURO DEL SOL DE CAN MARIAL SL.<\/option><option value=\"He llegit i no accepto rebre publicitat o informaci\u00f3 promocional d&#039;EL TURO DEL SOL DE CAN MARIAL SL.\">He llegit i no accepto rebre publicitat o informaci\u00f3 promocional d&#039;EL TURO DEL SOL DE CAN MARIAL SL.<\/option><\/select><\/span> <\/p>\n<p><span class=\"wpcf7-form-control-wrap\" data-name=\"cuestionario\"><label><span class=\"wpcf7-quiz-label\">Quant \u00e9s 5+5?<\/span> <input type=\"text\" name=\"cuestionario\" size=\"40\" class=\"wpcf7-form-control wpcf7-quiz\" autocomplete=\"off\" aria-required=\"true\" aria-invalid=\"false\" \/><\/label><input type=\"hidden\" name=\"_wpcf7_quiz_answer_cuestionario\" value=\"25819827e9502228dae4c5e8b42e1754\" \/><\/span><\/p>\n<span class=\"wpcf7-form-control-wrap recaptcha\" data-name=\"recaptcha\"><span data-sitekey=\"6Ldeh4gUAAAAAIomGU2eU7trNVZgRItrdxTk6WVz\" class=\"wpcf7-form-control g-recaptcha wpcf7-recaptcha\"><\/span>\r\n<noscript>\r\n\t<div class=\"grecaptcha-noscript\">\r\n\t\t<iframe src=\"https:\/\/www.google.com\/recaptcha\/api\/fallback?k=6Ldeh4gUAAAAAIomGU2eU7trNVZgRItrdxTk6WVz\" frameborder=\"0\" scrolling=\"no\" width=\"310\" height=\"430\">\r\n\t\t<\/iframe>\r\n\t\t<textarea name=\"g-recaptcha-response\" rows=\"3\" cols=\"40\" placeholder=\"reCaptcha Response Here\">\r\n\t\t<\/textarea>\r\n\t<\/div>\r\n<\/noscript>\r\n<\/span>\n<p><input type=\"submit\" value=\"Enviar\" class=\"wpcf7-form-control has-spinner wpcf7-submit\" \/><\/p>\n<div class=\"wpcf7-response-output\" aria-hidden=\"true\"><\/div><\/form><\/div>[\/vc_column][vc_column width=&#8221;1\/3&#8243;][vc_column_text]<span style=\"font-size: 8pt;\">De conformitat amb el que estableix la normativa vigent en Protecci\u00f3 de Dades de Car\u00e0cter Personal, l&#8217;informem que les seves dades seran incorporades al sistema de tractament titularitat d&#8217;EL TURO DEL SOL DE CAN Marial SL amb CIF B61991519 i domicili social situat a CR DE SANT VICENC MONTALT KM 0.7 08394, SANT VICEN\u00c7 dE MONTALT (BARCELONA), amb la finalitat d&#8217;atendre les seves consultes i remetre-li comunicacions comercials que puguin ser del seu inter\u00e8s. En compliment amb la normativa vigent, EL TURO DEL SOL DE CAN marial SL informa que les dades seran conservades durant el termini estrictament necessari per complir amb els preceptes esmentats anteriorment.<\/span><br \/>\n<span style=\"font-size: 8pt;\">L&#8217;informem que el tractament de les seves dades est\u00e0 legitimat per el seu consentiment. .<\/span><\/p>\n<p><span style=\"font-size: 8pt;\">EL TURO DEL SOL DE CAN marial SL informa que procedir\u00e0 a tractar les dades de manera l\u00edcita, lleial, transparent, adequada, pertinent, limitada, exacta i actualitzada. \u00c9s per aix\u00f2 que EL TURO DEL SOL DE CAN Marial SL es compromet a adoptar totes les mesures raonables perqu\u00e8 aquests es suprimeixin o rectifiquin sense dilaci\u00f3 quan siguin inexactes.<\/span><\/p>\n<p><span style=\"font-size: 8pt;\">D&#8217;acord amb els drets que li confereix l&#8217;la normativa vigent en protecci\u00f3 de dades podr\u00e0 exercir els drets d&#8217;acc\u00e9s, rectificaci\u00f3, limitaci\u00f3 de tractament, supressi\u00f3, portabilitat i oposici\u00f3 al tractament de les seves dades de car\u00e0cter personal aix\u00ed com del consentiment prestat per al tractament dels mateixos, dirigint la seva petici\u00f3 a l&#8217;adre\u00e7a postal indicada m\u00e9s amunt o al correu electr\u00f2nic <a href=\"mailto:turodelsol@turodelsol.com\">turodelsol@turodelsol.com<\/a><\/span><\/p>\n<p><span style=\"font-size: 8pt;\">Aix\u00ed mateix i d&#8217;acord amb el que estableix la Llei 34\/2002, de 11 de juliol, de Serveis de la Societat de la Informaci\u00f3 i de Comer\u00e7 Electr\u00f2nic, en el seu article 21, sol\u2022licitem tamb\u00e9 el seu consentiment expr\u00e9s per enviar-li publicitat dels nostres productes o promocions que considerem puguin ser del seu inter\u00e8s, per correu electr\u00f2nic o per qualsevol altre mitj\u00e0 de comunicaci\u00f3 electr\u00f2nica equivalent.<\/span><\/p>\n<p><span style=\"font-size: 8pt;\">L&#8217;informem que podr\u00e0 revocar en qualsevol moment el consentiment prestat a la recepci\u00f3 de comunicacions comercials enviant un correu electr\u00f2nic a l&#8217;adre\u00e7a de correu electr\u00f2nic: <a href=\"mailto:turodelsol@turodelsol.com\">turodelsol@turodelsol.com<\/a><\/span><\/p>\n<p><span style=\"font-size: 8pt;\">Podr\u00e0 dirigir-se a l&#8217;Autoritat de Control competent per a presentar la reclamaci\u00f3 que consideri oportuna.<\/span>[\/vc_column_text][\/vc_column][\/vc_row][vc_row css_animation=&#8221;&#8221; row_type=&#8221;row&#8221; use_row_as_full_screen_section=&#8221;no&#8221; type=&#8221;full_width&#8221; angled_section=&#8221;no&#8221; text_align=&#8221;left&#8221; background_image_as_pattern=&#8221;without_pattern&#8221; padding_top=&#8221;52&#8243;][vc_column][vc_column_text]<\/p>\n<h5 style=\"text-align: center;\">UBICACI\u00d3<\/h5>\n<p>[\/vc_column_text][vc_separator type=&#8221;small&#8221; position=&#8221;center&#8221; up=&#8221;7&#8243; down=&#8221;45&#8243;][vc_raw_html]JTNDaWZyYW1lJTIwc3JjJTNEJTIyaHR0cHMlM0ElMkYlMkZ3d3cuZ29vZ2xlLmNvbSUyRm1hcHMlMkZlbWJlZCUzRnBiJTNEJTIxMW0xOCUyMTFtMTIlMjExbTMlMjExZDI5ODQuODk2NjcwODYyMzAxJTIxMmQyLjUxNDYxNjcxNTcxNjMxNTMlMjEzZDQxLjU3MTQ4MDg3OTI0Nzc2NSUyMTJtMyUyMTFmMCUyMTJmMCUyMTNmMCUyMTNtMiUyMTFpMTAyNCUyMTJpNzY4JTIxNGYxMy4xJTIxM20zJTIxMW0yJTIxMXMweDEyYmI0YTc0NTViMDYyZDclMjUzQTB4Mzg5MWZmMWU2NzQ0M2RmMiUyMTJzVHVyJTI1QzMlMjVCMyUyQmRlbCUyQlNvbCUyMTVlMCUyMTNtMiUyMTFzZXMlMjEyc2VzJTIxNHYxNTQ3MTAyMDE1OTE5JTIyJTIwd2lkdGglM0QlMjIxMDAlMjUlMjIlMjBoZWlnaHQlM0QlMjI0NTAlMjIlMjBmcmFtZWJvcmRlciUzRCUyMjAlMjIlMjBzdHlsZSUzRCUyMmJvcmRlciUzQTAlMjIlMjBhbGxvd2Z1bGxzY3JlZW4lM0UlM0MlMkZpZnJhbWUlM0U=[\/vc_raw_html][\/vc_column][\/vc_row]<\/p>\n","protected":false},"excerpt":{"rendered":"<p>[vc_row css_animation=&#8221;&#8221; row_type=&#8221;row&#8221; use_row_as_full_screen_section=&#8221;no&#8221; type=&#8221;grid&#8221; angled_section=&#8221;no&#8221; text_align=&#8221;left&#8221; background_image_as_pattern=&#8221;without_pattern&#8221; padding_top=&#8221;75&#8243; z_index=&#8221;&#8221;][vc_column width=&#8221;1\/2&#8243;][vc_row_inner row_type=&#8221;row&#8221; type=&#8221;full_width&#8221; text_align=&#8221;center&#8221; css_animation=&#8221;&#8221;][vc_column_inner][vc_separator type=&#8221;transparent&#8221; up=&#8221;10&#8243; down=&#8221;0&#8243;][vc_column_text] Ubicaci\u00f3 [\/vc_column_text][vc_separator type=&#8221;small&#8221; position=&#8221;center&#8221; up=&#8221;7&#8243; down=&#8221;38&#8243;][vc_column_text] Ctra. Sant Vicen\u00e7 de Montalt km, 0,700 Sant Vicen\u00e7 de Montalt (Barcelona) Tel. 93 791 12 74\/93 791 32 74 [\/vc_column_text][vc_separator&#8230;<\/p>\n","protected":false},"author":1,"featured_media":0,"parent":0,"menu_order":0,"comment_status":"open","ping_status":"closed","template":"full_width.php","meta":{"_monsterinsights_skip_tracking":false,"_monsterinsights_sitenote_active":false,"_monsterinsights_sitenote_note":"","_monsterinsights_sitenote_category":0},"yoast_head":"<!-- This site is optimized with the Yoast SEO plugin v19.10 - https:\/\/yoast.com\/wordpress\/plugins\/seo\/ -->\n<title>Situada a nom\u00e9s 30km de Barcelona Restaurant Tur\u00f3 del Sol - Contactar<\/title>\n<meta name=\"description\" content=\"Situada a nom\u00e9s 30km de Barcelona i a nom\u00e9s 60 metres de la sortida 108 de l&#039;Autopista C-32, en la Carretera de Sant Vicen\u00e7 de Montalt Km 0,7\" \/>\n<meta name=\"robots\" content=\"index, follow, max-snippet:-1, max-image-preview:large, max-video-preview:-1\" \/>\n<link rel=\"canonical\" href=\"https:\/\/turodelsol.com\/ca\/contacte\/\" \/>\n<meta property=\"og:locale\" content=\"ca_ES\" \/>\n<meta property=\"og:type\" content=\"article\" \/>\n<meta property=\"og:title\" content=\"Situada a nom\u00e9s 30km de Barcelona Restaurant Tur\u00f3 del Sol - Contactar\" \/>\n<meta property=\"og:description\" content=\"Situada a nom\u00e9s 30km de Barcelona i a nom\u00e9s 60 metres de la sortida 108 de l&#039;Autopista C-32, en la Carretera de Sant Vicen\u00e7 de Montalt Km 0,7\" \/>\n<meta property=\"og:url\" content=\"https:\/\/turodelsol.com\/ca\/contacte\/\" \/>\n<meta property=\"og:site_name\" content=\"Tur\u00f3 del Sol\" \/>\n<meta property=\"article:publisher\" content=\"https:\/\/es-es.facebook.com\/turodelsol\" \/>\n<meta property=\"article:modified_time\" content=\"2021-05-22T08:12:49+00:00\" \/>\n<meta name=\"twitter:card\" content=\"summary_large_image\" \/>\n<meta name=\"twitter:label1\" content=\"Temps estimat de lectura\" \/>\n\t<meta name=\"twitter:data1\" content=\"4 minuts\" \/>\n<script type=\"application\/ld+json\" class=\"yoast-schema-graph\">{\"@context\":\"https:\/\/schema.org\",\"@graph\":[{\"@type\":\"WebPage\",\"@id\":\"https:\/\/turodelsol.com\/ca\/contacte\/\",\"url\":\"https:\/\/turodelsol.com\/ca\/contacte\/\",\"name\":\"Situada a nom\u00e9s 30km de Barcelona Restaurant Tur\u00f3 del Sol - Contactar\",\"isPartOf\":{\"@id\":\"https:\/\/turodelsol.com\/#website\"},\"datePublished\":\"2019-01-25T16:23:21+00:00\",\"dateModified\":\"2021-05-22T08:12:49+00:00\",\"description\":\"Situada a nom\u00e9s 30km de Barcelona i a nom\u00e9s 60 metres de la sortida 108 de l'Autopista C-32, en la Carretera de Sant Vicen\u00e7 de Montalt Km 0,7\",\"breadcrumb\":{\"@id\":\"https:\/\/turodelsol.com\/ca\/contacte\/#breadcrumb\"},\"inLanguage\":\"ca\",\"potentialAction\":[{\"@type\":\"ReadAction\",\"target\":[\"https:\/\/turodelsol.com\/ca\/contacte\/\"]}]},{\"@type\":\"BreadcrumbList\",\"@id\":\"https:\/\/turodelsol.com\/ca\/contacte\/#breadcrumb\",\"itemListElement\":[{\"@type\":\"ListItem\",\"position\":1,\"name\":\"Portada\",\"item\":\"https:\/\/turodelsol.com\/ca\/\"},{\"@type\":\"ListItem\",\"position\":2,\"name\":\"Contacte\"}]},{\"@type\":\"WebSite\",\"@id\":\"https:\/\/turodelsol.com\/#website\",\"url\":\"https:\/\/turodelsol.com\/\",\"name\":\"Tur\u00f3 del Sol\",\"description\":\"Restaurante para bodas Barcelona\",\"publisher\":{\"@id\":\"https:\/\/turodelsol.com\/#organization\"},\"potentialAction\":[{\"@type\":\"SearchAction\",\"target\":{\"@type\":\"EntryPoint\",\"urlTemplate\":\"https:\/\/turodelsol.com\/?s={search_term_string}\"},\"query-input\":\"required name=search_term_string\"}],\"inLanguage\":\"ca\"},{\"@type\":\"Organization\",\"@id\":\"https:\/\/turodelsol.com\/#organization\",\"name\":\"Restaurante Tur\u00f3 del Sol\",\"url\":\"https:\/\/turodelsol.com\/\",\"logo\":{\"@type\":\"ImageObject\",\"inLanguage\":\"ca\",\"@id\":\"https:\/\/turodelsol.com\/#\/schema\/logo\/image\/\",\"url\":\"https:\/\/turodelsol.com\/wp-content\/uploads\/2018\/12\/logo-turo-del-sol-web-2019-1.png\",\"contentUrl\":\"https:\/\/turodelsol.com\/wp-content\/uploads\/2018\/12\/logo-turo-del-sol-web-2019-1.png\",\"width\":214,\"height\":100,\"caption\":\"Restaurante Tur\u00f3 del Sol\"},\"image\":{\"@id\":\"https:\/\/turodelsol.com\/#\/schema\/logo\/image\/\"},\"sameAs\":[\"https:\/\/www.instagram.com\/turodelsol\/\",\"https:\/\/es-es.facebook.com\/turodelsol\"]}]}<\/script>\n<!-- \/ Yoast SEO plugin. -->","yoast_head_json":{"title":"Situada a nom\u00e9s 30km de Barcelona Restaurant Tur\u00f3 del Sol - Contactar","description":"Situada a nom\u00e9s 30km de Barcelona i a nom\u00e9s 60 metres de la sortida 108 de l'Autopista C-32, en la Carretera de Sant Vicen\u00e7 de Montalt Km 0,7","robots":{"index":"index","follow":"follow","max-snippet":"max-snippet:-1","max-image-preview":"max-image-preview:large","max-video-preview":"max-video-preview:-1"},"canonical":"https:\/\/turodelsol.com\/ca\/contacte\/","og_locale":"ca_ES","og_type":"article","og_title":"Situada a nom\u00e9s 30km de Barcelona Restaurant Tur\u00f3 del Sol - Contactar","og_description":"Situada a nom\u00e9s 30km de Barcelona i a nom\u00e9s 60 metres de la sortida 108 de l'Autopista C-32, en la Carretera de Sant Vicen\u00e7 de Montalt Km 0,7","og_url":"https:\/\/turodelsol.com\/ca\/contacte\/","og_site_name":"Tur\u00f3 del Sol","article_publisher":"https:\/\/es-es.facebook.com\/turodelsol","article_modified_time":"2021-05-22T08:12:49+00:00","twitter_card":"summary_large_image","twitter_misc":{"Temps estimat de lectura":"4 minuts"},"schema":{"@context":"https:\/\/schema.org","@graph":[{"@type":"WebPage","@id":"https:\/\/turodelsol.com\/ca\/contacte\/","url":"https:\/\/turodelsol.com\/ca\/contacte\/","name":"Situada a nom\u00e9s 30km de Barcelona Restaurant Tur\u00f3 del Sol - Contactar","isPartOf":{"@id":"https:\/\/turodelsol.com\/#website"},"datePublished":"2019-01-25T16:23:21+00:00","dateModified":"2021-05-22T08:12:49+00:00","description":"Situada a nom\u00e9s 30km de Barcelona i a nom\u00e9s 60 metres de la sortida 108 de l'Autopista C-32, en la Carretera de Sant Vicen\u00e7 de Montalt Km 0,7","breadcrumb":{"@id":"https:\/\/turodelsol.com\/ca\/contacte\/#breadcrumb"},"inLanguage":"ca","potentialAction":[{"@type":"ReadAction","target":["https:\/\/turodelsol.com\/ca\/contacte\/"]}]},{"@type":"BreadcrumbList","@id":"https:\/\/turodelsol.com\/ca\/contacte\/#breadcrumb","itemListElement":[{"@type":"ListItem","position":1,"name":"Portada","item":"https:\/\/turodelsol.com\/ca\/"},{"@type":"ListItem","position":2,"name":"Contacte"}]},{"@type":"WebSite","@id":"https:\/\/turodelsol.com\/#website","url":"https:\/\/turodelsol.com\/","name":"Tur\u00f3 del Sol","description":"Restaurante para bodas Barcelona","publisher":{"@id":"https:\/\/turodelsol.com\/#organization"},"potentialAction":[{"@type":"SearchAction","target":{"@type":"EntryPoint","urlTemplate":"https:\/\/turodelsol.com\/?s={search_term_string}"},"query-input":"required name=search_term_string"}],"inLanguage":"ca"},{"@type":"Organization","@id":"https:\/\/turodelsol.com\/#organization","name":"Restaurante Tur\u00f3 del Sol","url":"https:\/\/turodelsol.com\/","logo":{"@type":"ImageObject","inLanguage":"ca","@id":"https:\/\/turodelsol.com\/#\/schema\/logo\/image\/","url":"https:\/\/turodelsol.com\/wp-content\/uploads\/2018\/12\/logo-turo-del-sol-web-2019-1.png","contentUrl":"https:\/\/turodelsol.com\/wp-content\/uploads\/2018\/12\/logo-turo-del-sol-web-2019-1.png","width":214,"height":100,"caption":"Restaurante Tur\u00f3 del Sol"},"image":{"@id":"https:\/\/turodelsol.com\/#\/schema\/logo\/image\/"},"sameAs":["https:\/\/www.instagram.com\/turodelsol\/","https:\/\/es-es.facebook.com\/turodelsol"]}]}},"_links":{"self":[{"href":"https:\/\/turodelsol.com\/ca\/wp-json\/wp\/v2\/pages\/17446"}],"collection":[{"href":"https:\/\/turodelsol.com\/ca\/wp-json\/wp\/v2\/pages"}],"about":[{"href":"https:\/\/turodelsol.com\/ca\/wp-json\/wp\/v2\/types\/page"}],"author":[{"embeddable":true,"href":"https:\/\/turodelsol.com\/ca\/wp-json\/wp\/v2\/users\/1"}],"replies":[{"embeddable":true,"href":"https:\/\/turodelsol.com\/ca\/wp-json\/wp\/v2\/comments?post=17446"}],"version-history":[{"count":7,"href":"https:\/\/turodelsol.com\/ca\/wp-json\/wp\/v2\/pages\/17446\/revisions"}],"predecessor-version":[{"id":18539,"href":"https:\/\/turodelsol.com\/ca\/wp-json\/wp\/v2\/pages\/17446\/revisions\/18539"}],"wp:attachment":[{"href":"https:\/\/turodelsol.com\/ca\/wp-json\/wp\/v2\/media?parent=17446"}],"curies":[{"name":"wp","href":"https:\/\/api.w.org\/{rel}","templated":true}]}}