{"id":16353,"date":"2014-05-20T07:51:11","date_gmt":"2014-05-20T07:51:11","guid":{"rendered":"http:\/\/turodelsol.com\/home\/"},"modified":"2021-05-22T07:33:16","modified_gmt":"2021-05-22T07:33:16","slug":"home-2","status":"publish","type":"page","link":"https:\/\/turodelsol.com\/ca\/","title":{"rendered":"Inici"},"content":{"rendered":"<p>[vc_row css_animation=&#8221;&#8221; row_type=&#8221;row&#8221; use_row_as_full_screen_section=&#8221;no&#8221; type=&#8221;full_width&#8221; angled_section=&#8221;no&#8221; text_align=&#8221;left&#8221; background_image_as_pattern=&#8221;without_pattern&#8221; background_color=&#8221;#ffffff&#8221;][vc_column][\/vc_column][\/vc_row][vc_row css_animation=&#8221;&#8221; row_type=&#8221;row&#8221; use_row_as_full_screen_section=&#8221;no&#8221; type=&#8221;grid&#8221; angled_section=&#8221;no&#8221; text_align=&#8221;left&#8221; background_image_as_pattern=&#8221;without_pattern&#8221; background_color=&#8221;#ffffff&#8221; padding_top=&#8221;80&#8243; z_index=&#8221;&#8221;][vc_column offset=&#8221;vc_col-lg-offset-1 vc_col-lg-10 vc_col-md-offset-1 vc_col-md-10 vc_col-xs-12&#8243;][vc_column_text]<\/p>\n<h1 style=\"text-align: center;\">Restaurants noces Barcelona<\/h1>\n<h3 style=\"text-align: center;\">Tur\u00f3 del sol<\/h3>\n<p>[\/vc_column_text][vc_separator type=&#8221;small&#8221; position=&#8221;center&#8221; color=&#8221;#ec844d&#8221; thickness=&#8221;2&#8243; up=&#8221;17&#8243; down=&#8221;20&#8243;][vc_column_text]<\/p>\n<h4 style=\"text-align: center;\">Uns jardins de somni amb vistes al mar.<\/h4>\n<p>[\/vc_column_text][\/vc_column][\/vc_row][vc_row css_animation=&#8221;&#8221; row_type=&#8221;row&#8221; use_row_as_full_screen_section=&#8221;no&#8221; type=&#8221;grid&#8221; angled_section=&#8221;no&#8221; text_align=&#8221;left&#8221; background_image_as_pattern=&#8221;without_pattern&#8221; padding_bottom=&#8221;100&#8243; z_index=&#8221;&#8221;][vc_column width=&#8221;1\/2&#8243;][vc_separator type=&#8221;transparent&#8221; up=&#8221;40&#8243; down=&#8221;0&#8243;][vc_single_image image=&#8221;18435&#8243; img_size=&#8221;full&#8221; qode_css_animation=&#8221;&#8221;][\/vc_column][vc_column width=&#8221;1\/2&#8243;][vc_separator type=&#8221;transparent&#8221; up=&#8221;100&#8243; down=&#8221;0&#8243;][vc_column_text]<\/p>\n<h2 style=\"text-align: left;\">CELEBRA EL TEU CASAMENT A TUR\u00d3 DEL SOL<\/h2>\n<p>[\/vc_column_text][vc_separator type=&#8221;transparent&#8221; up=&#8221;23&#8243; down=&#8221;0&#8243;][vc_column_text]Situat a tan sols 20 minuts de Barcelona al municipi de Sant Vicen\u00e7 de Montalt, en ple Maresme, terra de cultura gastron\u00f2mica i vin\u00edcola, entre boscos, platja i al costat del camp de golf est\u00e0 el Tur\u00f3 del Sol, gran finca de 30.000m2 dedicada en exclusivitat a celebracions \u00edntimes i familiars com casaments.<\/p>\n<p>&nbsp;<\/p>\n<p>Un espai singular per al teu casament envoltat de natura en qu\u00e8 el sol mediterrani omple cada rac\u00f3, cada terrassa, i es fonen el bosc i el mar.<\/p>\n<p>&nbsp;<\/p>\n<p>Gaudeix amb els sabors tradicionals de la seva cuina, elaborada amb ingredients de la millor qualitat.<\/p>\n<p>&nbsp;<\/p>\n<p>Tur\u00f3 del Sol t\u00e9 un entorn privilegiat amb 30.000 m2. de jardins amb fonts, palmeres, plantes multicolor, racons de gran bellesa i camins en els quals perdres, tot aix\u00f2 a la vostra disposici\u00f3 per a aquest reportatge fotogr\u00e0fic que guardareu per sempre<\/p>\n<p>.[\/vc_column_text][\/vc_column][\/vc_row][vc_row css_animation=&#8221;&#8221; row_type=&#8221;row&#8221; use_row_as_full_screen_section=&#8221;no&#8221; type=&#8221;grid&#8221; angled_section=&#8221;no&#8221; text_align=&#8221;left&#8221; background_image_as_pattern=&#8221;without_pattern&#8221; background_color=&#8221;#ffffff&#8221; padding_top=&#8221;10&#8243; padding_bottom=&#8221;10&#8243; z_index=&#8221;&#8221;][vc_column offset=&#8221;vc_col-lg-offset-1 vc_col-lg-10 vc_col-md-offset-1 vc_col-md-10 vc_col-xs-12&#8243;][vc_column_text]<\/p>\n<h3 style=\"text-align: center;\">Les nostres galeries<\/h3>\n<p>[\/vc_column_text][vc_separator type=&#8221;small&#8221; position=&#8221;center&#8221; color=&#8221;#ec844d&#8221; thickness=&#8221;2&#8243; up=&#8221;17&#8243; down=&#8221;20&#8243;][\/vc_column][\/vc_row][vc_row css_animation=&#8221;&#8221; row_type=&#8221;row&#8221; use_row_as_full_screen_section=&#8221;no&#8221; type=&#8221;full_width&#8221; angled_section=&#8221;no&#8221; text_align=&#8221;center&#8221; background_image_as_pattern=&#8221;without_pattern&#8221; z_index=&#8221;&#8221;][vc_column][rev_slider_vc alias=&#8221;home-slider-cat&#8221;][vc_separator type=&#8221;transparent&#8221; up=&#8221;40&#8243;][vc_column_text]<\/p>\n<h4 style=\"text-align: center;\">El Tur\u00f3 del Sol. Uns Jardins de somni amb vistes al mar<\/h4>\n<p>[\/vc_column_text][vc_separator type=&#8221;transparent&#8221; up=&#8221;40&#8243;][\/vc_column][\/vc_row][vc_row css_animation=&#8221;&#8221; row_type=&#8221;row&#8221; use_row_as_full_screen_section=&#8221;no&#8221; type=&#8221;full_width&#8221; angled_section=&#8221;no&#8221; text_align=&#8221;center&#8221; background_image_as_pattern=&#8221;without_pattern&#8221; z_index=&#8221;&#8221;][vc_column][vc_column_text]<script type='text\/javascript'>  \nwindow.onload = document.write(\"<iframe width='100%' height='500' marginwidth='0' marginheight='0' scrolling='auto' frameborder='0'  src='https:\/\/my.matterport.com\/show\/?m=diL59Yzsbih&amp;play=1&amp;utm_source=4' ><\/iframe> \"); \n <\/script>[\/vc_column_text][\/vc_column][\/vc_row][vc_row css_animation=&#8221;&#8221; row_type=&#8221;row&#8221; use_row_as_full_screen_section=&#8221;no&#8221; type=&#8221;grid&#8221; angled_section=&#8221;no&#8221; text_align=&#8221;center&#8221; background_image_as_pattern=&#8221;without_pattern&#8221; padding_top=&#8221;80&#8243; padding_bottom=&#8221;70&#8243; z_index=&#8221;&#8221;][vc_column][vc_column_text]<\/p>\n<h3 style=\"text-align: center;\">Gr\u00e0cies per confiar en nosaltres<\/h3>\n<p>[\/vc_column_text]<div class='testimonials_c_holder clearfix dark'><div class=\"testimonials_c testimonials_c_carousel\" data-show-navigation=\"yes\" data-animation-speed=\"5000\" data-auto-rotate-slides=\"15\" data-number-per-slide=\"1\"><ul class=\"slides\"><li id=\"testimonials-c-18378\" class=\"testimonial_content\"><div class=\"testimonial_content_inner\"><div class=\"testimonial_image_holder\"><img src=\"https:\/\/turodelsol.com\/wp-content\/uploads\/2019\/01\/utxp_1548810-150x150.jpg\" \/><\/div><div class=\"testimonial_title_holder\"><h5>CASAMENT MERAVELL\u00d3S<\/h5><\/div><div class=\"testimonial_rating_holder\"><span class=\"testimonial_star_holder\"><span class=\"icon_star\"><\/span><\/span><span class=\"testimonial_star_holder\"><span class=\"icon_star\"><\/span><\/span><span class=\"testimonial_star_holder\"><span class=\"icon_star\"><\/span><\/span><span class=\"testimonial_star_holder\"><span class=\"icon_star\"><\/span><\/span><span class=\"testimonial_star_holder\"><span class=\"icon_star\"><\/span><\/span><\/div><div class=\"testimonial_text_holder\"><div class=\"testimonial_text_inner\" style=\"color: #000000;\"><p style='font-size:18px;color:#000000;'>Quan vam arribar al Tur\u00f3 i Anna ens va explicar tot i ens va ensenyar el lloc on far\u00edem la cerim\u00f2nia i el convit, ens va enamorar. \u00c9s un lloc preci\u00f3s, tenia tot el que necessit\u00e0vem. Anna \u00e9s una persona incre\u00efble, molt atenta i amable, de bon principi ens va donar la confian\u00e7a per celebrar el nostre gran dia amb ells. Nom\u00e9s tenim paraules d'agra\u00efment. El casament i el servei va ser de 10, una atenci\u00f3 incre\u00efble tant per als convidats com per als nuvis. Vam estar la mar de b\u00e9, a l'Anna, a l'Dj i a tots els treballadors que van formar part del nostre gran dia, donar-vos les gr\u00e0cies per l'atenci\u00f3 rebuda. La nostra fam\u00edlia i amics van quedar al\u2022lucinats del lloc, tant pel bonic que \u00e9s com per com es van sentir atesos. Tant l'aperitiu com el menjar de 10, els va encantar. Molt\u00edssimes gr\u00e0cies Anna per tot, estem molt feli\u00e7os i contents d'haver-vos elegit per un dels dies m\u00e9s importants de la nostra vida. \r\nSergi i Jessica, 30\/09\/18.<\/p><p class=\"testimonial_author\" style=\"color: #000000;color: #ed5f12;font-size: 24px;\">Jessica Garcia Garcia<\/p><\/div><\/div><\/div><\/li><li id=\"testimonials-c-18380\" class=\"testimonial_content\"><div class=\"testimonial_content_inner\"><div class=\"testimonial_image_holder\"><img src=\"https:\/\/turodelsol.com\/wp-content\/uploads\/2019\/01\/utxp_1254178-150x150.jpg\" \/><\/div><div class=\"testimonial_title_holder\"><h5>\u00a1FANT\u00c0STIC!<\/h5><\/div><div class=\"testimonial_rating_holder\"><span class=\"testimonial_star_holder\"><span class=\"icon_star\"><\/span><\/span><span class=\"testimonial_star_holder\"><span class=\"icon_star\"><\/span><\/span><span class=\"testimonial_star_holder\"><span class=\"icon_star\"><\/span><\/span><span class=\"testimonial_star_holder\"><span class=\"icon_star\"><\/span><\/span><span class=\"testimonial_star_holder\"><span class=\"icon_star\"><\/span><\/span><\/div><div class=\"testimonial_text_holder\"><div class=\"testimonial_text_inner\" style=\"color: #000000;\"><p style='font-size:18px;color:#000000;'>Quan vam anar a con\u00e8ixer el Tur\u00f3 del Sol vam saber que all\u00e0 seria el nostre casament. Ens v\u00e8iem casant all\u00e0 i la veritat \u00e9s que vam encertar totalment. El tracte va ser incre\u00efble des del primer moment, primer per Daniel i despr\u00e9s per Jordi, qui va portar el nostre casament i per a qui nom\u00e9s tenim paraules d'agra\u00efment. Ens ho va posar tot molt f\u00e0cil des del primer moment i va fer que el dia del nostre casament fos tal i com ho hav\u00edem somiat. Tant ell com els cambrers encarregats de la nostra celebraci\u00f3, aix\u00ed com Silvia i Lou, van ser encantadors. Ens van fer sentir especials. La gent va sortir encantada, el menjar molt bona i l'entorn immillorable. Sens dubte un lloc incre\u00efble per confiar en ell el dia m\u00e9s especial de la teva vida ... Gr\u00e0cies per fer-nos tan feli\u00e7os!<\/p><p class=\"testimonial_author\" style=\"color: #000000;color: #ed5f12;font-size: 24px;\">  Silvia Romero<\/p><\/div><\/div><\/div><\/li><li id=\"testimonials-c-18381\" class=\"testimonial_content\"><div class=\"testimonial_content_inner\"><div class=\"testimonial_image_holder\"><img src=\"https:\/\/turodelsol.com\/wp-content\/uploads\/2018\/10\/utxp_1672188-150x150.jpg\" \/><\/div><div class=\"testimonial_title_holder\"><h5>Laura Ca\u00f1as Vinader<\/h5><\/div><div class=\"testimonial_rating_holder\"><span class=\"testimonial_star_holder\"><span class=\"icon_star\"><\/span><\/span><span class=\"testimonial_star_holder\"><span class=\"icon_star\"><\/span><\/span><span class=\"testimonial_star_holder\"><span class=\"icon_star\"><\/span><\/span><span class=\"testimonial_star_holder\"><span class=\"icon_star\"><\/span><\/span><span class=\"testimonial_star_holder\"><span class=\"icon_star\"><\/span><\/span><\/div><div class=\"testimonial_text_holder\"><div class=\"testimonial_text_inner\" style=\"color: #000000;\"><p style='font-size:18px;color:#000000;'>Un familiar es va casar al mateix lloc i al principi, no vol\u00edem repetir per evitar comparacions. Despr\u00e9s de mirar altres opcions ... truquem i ens vam decidir per ells. Des del primer moment el tracte \u00e9s atent i personal, t'ajuden a tots els dubtes i preocupacions que tinguis. Van saber connectar amb nosaltres des del principi i van fer realitat el casament dels nostres somnis. Vam contractar diversos serveis extres (decoraci\u00f3 del sal\u00f3, food truck i cotxe d'\u00e8poca) i tot va sortir perfecte. Els encarregats del nostre dia van ser Pere i Jordi i van estar al 100%, va sortir tot com ten\u00edem pensat; gr\u00e0cies Pere i Jordi. Silvia va ser l'encarregada de la m\u00fasica durant el banquet i el ball i va encertar en tot, els convidats van ballar fins al final de la festa! Vam contractar els serveis de Lou (Wedding planner de Wedding Mediterrani) i ho far\u00edem mil vegades m\u00e9s! Lou \u00e9s amable, detallista, emp\u00e0tica ... Va entendre l'estil del nostre casament i ho va fer tot especial i sobretot rom\u00e0ntic. Va saber transmetre tot el que nosaltres vol\u00edem aquest dia ... amb ella vam fer tota la decoraci\u00f3 del sal\u00f3, jard\u00ed i tirada de globus. Dinar espectacular. Adaptat per a intoler\u00e0ncies \/ al\u2022l\u00e8rgies. Tracte als convidats impecable. Preu adequat. Tot personalitzat per a cada parella. Tots els nostres nostres convidats ens han felicitat. \u00c9s una aposta segura. Volem donar-li les gr\u00e0cies a tot l'equip per fer el nostre somni realitat i que fos un dia inoblidable.<\/p><p class=\"testimonial_author\" style=\"color: #000000;color: #ed5f12;font-size: 24px;\">Laura Ca\u00f1as Vinader<\/p><\/div><\/div><\/div><\/li><li id=\"testimonials-c-18384\" class=\"testimonial_content\"><div class=\"testimonial_content_inner\"><div class=\"testimonial_image_holder\"><img src=\"https:\/\/turodelsol.com\/wp-content\/uploads\/2018\/10\/utxp_800496-150x150.jpg\" \/><\/div><div class=\"testimonial_title_holder\"><h5>Ariadna Pic\u00f3 Bassa<\/h5><\/div><div class=\"testimonial_rating_holder\"><span class=\"testimonial_star_holder\"><span class=\"icon_star\"><\/span><\/span><span class=\"testimonial_star_holder\"><span class=\"icon_star\"><\/span><\/span><span class=\"testimonial_star_holder\"><span class=\"icon_star\"><\/span><\/span><span class=\"testimonial_star_holder\"><span class=\"icon_star\"><\/span><\/span><span class=\"testimonial_star_holder\"><span class=\"icon_star\"><\/span><\/span><\/div><div class=\"testimonial_text_holder\"><div class=\"testimonial_text_inner\" style=\"color: #000000;\"><p style='font-size:18px;color:#000000;'>Per al convit hav\u00edem triat al Tur\u00f3 del Sol, una magn\u00edfica elecci\u00f3. Jo no puc menjar s\u00f2lids, aix\u00ed que es van marcar per a mi un men\u00fa personalitzat, cura, variat i detallista que pogu\u00e9s menjar per gaudir l'enlla\u00e7 (cosa que vaig pensar que mai podria fer i per aix\u00f2 nom\u00e9s em resten paraules de sincer agra\u00efment). Joan, el cuiner, \u00e9s simplement un artista i una persona amb una qualitat humana extrema. La resta del men\u00fa va ser espl\u00e8ndid i exquisit, copi\u00f3s, assequible econ\u00f2micament i de qualitat sublim. Els convidats van quedar m\u00e9s que encantats, alguns van restar perplexos en no haver-los agradat el peix mai i havent gaudit dit plat aquest dia. Ra\u00fal, el cambrer principal de la taula nupcial, un noi magn\u00edfic, simp\u00e0tic, proper i professional. Ens va encantar poder comptar amb ell, sens dubte va ser un punt a destacar ja que ens agrada molt el seu car\u00e0cter i predisposici\u00f3. Pel que fa a organitzaci\u00f3: Daniel, Pere i Jordi es van portar molt b\u00e9, la seva efici\u00e8ncia va marcar la difer\u00e8ncia. Ens va encantar el nivell de detall i organitzaci\u00f3 que van demostrar, va ser una elecci\u00f3 m\u00e9s que encertada, ja que en tot moment al llarg de la preparaci\u00f3 ens han ajudat bolcant amb nosaltres i demostrant no nom\u00e9s una professionalitat immillorable si no un caire hum\u00e0 incre\u00efble. Tant de bo pogu\u00e9ssim repetir cada any ja que mai ens hem sentit tan extremadament b\u00e9 (i afegir que mai com jo aix\u00ed). Fins i tot va sorgir un incident ali\u00e8 al Tur\u00f3 (causa d'uns convidats) i el personal del restaurant es va oferir a prestar-nos la major ajuda possible sense ni tan sols haver hagut de sol\u2022licitar-ho. S\u00f3n un 10 en tot.<\/p><p class=\"testimonial_author\" style=\"color: #000000;color: #ed5f12;font-size: 24px;\">Ariadna Pic\u00f3 Bassa<\/p><\/div><\/div><\/div><\/li><li id=\"testimonials-c-18386\" class=\"testimonial_content\"><div class=\"testimonial_content_inner\"><div class=\"testimonial_image_holder\"><img src=\"https:\/\/turodelsol.com\/wp-content\/uploads\/2018\/09\/utxp_804299-150x150.jpg\" \/><\/div><div class=\"testimonial_title_holder\"><h5>\u00c9S IMMILLORABLE<\/h5><\/div><div class=\"testimonial_rating_holder\"><span class=\"testimonial_star_holder\"><span class=\"icon_star\"><\/span><\/span><span class=\"testimonial_star_holder\"><span class=\"icon_star\"><\/span><\/span><span class=\"testimonial_star_holder\"><span class=\"icon_star\"><\/span><\/span><span class=\"testimonial_star_holder\"><span class=\"icon_star\"><\/span><\/span><span class=\"testimonial_star_holder\"><span class=\"icon_star\"><\/span><\/span><\/div><div class=\"testimonial_text_holder\"><div class=\"testimonial_text_inner\" style=\"color: #000000;\"><p style='font-size:18px;color:#000000;'>El tracte d'Anna \u00e9s incre\u00efble i la professionalitat de tots immillorable. El restaurant ho t\u00e9 tot, un sal\u00f3 sense columnes i un jard\u00ed ideal per fer-te fotos. El menjar aquesta exquisida, molt\u00edssima quantitat d'aperitiu, i totes les carns surten a la cocci\u00f3 perfecta.<\/p><p class=\"testimonial_author\" style=\"color: #000000;color: #ed5f12;font-size: 24px;\">Irene Moral Carrasco<\/p><\/div><\/div><\/div><\/li><\/ul><\/div><\/div>[\/vc_column][\/vc_row]<\/p>\n","protected":false},"excerpt":{"rendered":"<p>[vc_row css_animation=&#8221;&#8221; row_type=&#8221;row&#8221; use_row_as_full_screen_section=&#8221;no&#8221; type=&#8221;full_width&#8221; angled_section=&#8221;no&#8221; text_align=&#8221;left&#8221; background_image_as_pattern=&#8221;without_pattern&#8221; background_color=&#8221;#ffffff&#8221;][vc_column][\/vc_column][\/vc_row][vc_row css_animation=&#8221;&#8221; row_type=&#8221;row&#8221; use_row_as_full_screen_section=&#8221;no&#8221; type=&#8221;grid&#8221; angled_section=&#8221;no&#8221; text_align=&#8221;left&#8221; background_image_as_pattern=&#8221;without_pattern&#8221; background_color=&#8221;#ffffff&#8221; padding_top=&#8221;80&#8243; z_index=&#8221;&#8221;][vc_column offset=&#8221;vc_col-lg-offset-1 vc_col-lg-10 vc_col-md-offset-1 vc_col-md-10 vc_col-xs-12&#8243;][vc_column_text] Restaurants noces Barcelona Tur\u00f3 del sol [\/vc_column_text][vc_separator type=&#8221;small&#8221; position=&#8221;center&#8221; color=&#8221;#ec844d&#8221; thickness=&#8221;2&#8243; up=&#8221;17&#8243; down=&#8221;20&#8243;][vc_column_text] Uns jardins de somni amb vistes al mar&#8230;.<\/p>\n","protected":false},"author":1,"featured_media":0,"parent":0,"menu_order":0,"comment_status":"open","ping_status":"closed","template":"full_width.php","meta":{"_monsterinsights_skip_tracking":false,"_monsterinsights_sitenote_active":false,"_monsterinsights_sitenote_note":"","_monsterinsights_sitenote_category":0},"yoast_head":"<!-- This site is optimized with the Yoast SEO plugin v19.10 - https:\/\/yoast.com\/wordpress\/plugins\/seo\/ -->\n<title>Restaurants noces Barcelona | noces en Barcelona | Tur\u00f3 del sol<\/title>\n<meta name=\"description\" content=\"Tur\u00f3 del Sol, Restaurant per a noces a Barcelona Noces a l&#039;aire lliure i banquets de noces inoblidables Tenim amplis jardins, grans i salons.\" \/>\n<meta name=\"robots\" content=\"index, follow, max-snippet:-1, max-image-preview:large, max-video-preview:-1\" \/>\n<link rel=\"canonical\" href=\"https:\/\/turodelsol.com\/ca\/\" \/>\n<meta property=\"og:locale\" content=\"ca_ES\" \/>\n<meta property=\"og:type\" content=\"article\" \/>\n<meta property=\"og:title\" content=\"Restaurants noces Barcelona | noces en Barcelona | Tur\u00f3 del sol\" \/>\n<meta property=\"og:description\" content=\"Tur\u00f3 del Sol, Restaurant per a noces a Barcelona Noces a l&#039;aire lliure i banquets de noces inoblidables Tenim amplis jardins, grans i salons.\" \/>\n<meta property=\"og:url\" content=\"https:\/\/turodelsol.com\/ca\/\" \/>\n<meta property=\"og:site_name\" content=\"Tur\u00f3 del Sol\" \/>\n<meta property=\"article:publisher\" content=\"https:\/\/es-es.facebook.com\/turodelsol\" \/>\n<meta property=\"article:modified_time\" content=\"2021-05-22T07:33:16+00:00\" \/>\n<meta name=\"twitter:card\" content=\"summary_large_image\" \/>\n<meta name=\"twitter:label1\" content=\"Temps estimat de lectura\" \/>\n\t<meta name=\"twitter:data1\" content=\"3 minuts\" \/>\n<script type=\"application\/ld+json\" class=\"yoast-schema-graph\">{\"@context\":\"https:\/\/schema.org\",\"@graph\":[{\"@type\":\"WebPage\",\"@id\":\"https:\/\/turodelsol.com\/ca\/\",\"url\":\"https:\/\/turodelsol.com\/ca\/\",\"name\":\"Restaurants noces Barcelona | noces en Barcelona | Tur\u00f3 del sol\",\"isPartOf\":{\"@id\":\"https:\/\/turodelsol.com\/#website\"},\"datePublished\":\"2014-05-20T07:51:11+00:00\",\"dateModified\":\"2021-05-22T07:33:16+00:00\",\"description\":\"Tur\u00f3 del Sol, Restaurant per a noces a Barcelona Noces a l'aire lliure i banquets de noces inoblidables Tenim amplis jardins, grans i salons.\",\"breadcrumb\":{\"@id\":\"https:\/\/turodelsol.com\/ca\/#breadcrumb\"},\"inLanguage\":\"ca\",\"potentialAction\":[{\"@type\":\"ReadAction\",\"target\":[\"https:\/\/turodelsol.com\/ca\/\"]}]},{\"@type\":\"BreadcrumbList\",\"@id\":\"https:\/\/turodelsol.com\/ca\/#breadcrumb\",\"itemListElement\":[{\"@type\":\"ListItem\",\"position\":1,\"name\":\"Portada\",\"item\":\"https:\/\/turodelsol.com\/ca\/\"},{\"@type\":\"ListItem\",\"position\":2,\"name\":\"Inici\"}]},{\"@type\":\"WebSite\",\"@id\":\"https:\/\/turodelsol.com\/#website\",\"url\":\"https:\/\/turodelsol.com\/\",\"name\":\"Tur\u00f3 del Sol\",\"description\":\"Restaurante para bodas Barcelona\",\"publisher\":{\"@id\":\"https:\/\/turodelsol.com\/#organization\"},\"potentialAction\":[{\"@type\":\"SearchAction\",\"target\":{\"@type\":\"EntryPoint\",\"urlTemplate\":\"https:\/\/turodelsol.com\/?s={search_term_string}\"},\"query-input\":\"required name=search_term_string\"}],\"inLanguage\":\"ca\"},{\"@type\":\"Organization\",\"@id\":\"https:\/\/turodelsol.com\/#organization\",\"name\":\"Restaurante Tur\u00f3 del Sol\",\"url\":\"https:\/\/turodelsol.com\/\",\"logo\":{\"@type\":\"ImageObject\",\"inLanguage\":\"ca\",\"@id\":\"https:\/\/turodelsol.com\/#\/schema\/logo\/image\/\",\"url\":\"https:\/\/turodelsol.com\/wp-content\/uploads\/2018\/12\/logo-turo-del-sol-web-2019-1.png\",\"contentUrl\":\"https:\/\/turodelsol.com\/wp-content\/uploads\/2018\/12\/logo-turo-del-sol-web-2019-1.png\",\"width\":214,\"height\":100,\"caption\":\"Restaurante Tur\u00f3 del Sol\"},\"image\":{\"@id\":\"https:\/\/turodelsol.com\/#\/schema\/logo\/image\/\"},\"sameAs\":[\"https:\/\/www.instagram.com\/turodelsol\/\",\"https:\/\/es-es.facebook.com\/turodelsol\"]}]}<\/script>\n<!-- \/ Yoast SEO plugin. -->","yoast_head_json":{"title":"Restaurants noces Barcelona | noces en Barcelona | Tur\u00f3 del sol","description":"Tur\u00f3 del Sol, Restaurant per a noces a Barcelona Noces a l'aire lliure i banquets de noces inoblidables Tenim amplis jardins, grans i salons.","robots":{"index":"index","follow":"follow","max-snippet":"max-snippet:-1","max-image-preview":"max-image-preview:large","max-video-preview":"max-video-preview:-1"},"canonical":"https:\/\/turodelsol.com\/ca\/","og_locale":"ca_ES","og_type":"article","og_title":"Restaurants noces Barcelona | noces en Barcelona | Tur\u00f3 del sol","og_description":"Tur\u00f3 del Sol, Restaurant per a noces a Barcelona Noces a l'aire lliure i banquets de noces inoblidables Tenim amplis jardins, grans i salons.","og_url":"https:\/\/turodelsol.com\/ca\/","og_site_name":"Tur\u00f3 del Sol","article_publisher":"https:\/\/es-es.facebook.com\/turodelsol","article_modified_time":"2021-05-22T07:33:16+00:00","twitter_card":"summary_large_image","twitter_misc":{"Temps estimat de lectura":"3 minuts"},"schema":{"@context":"https:\/\/schema.org","@graph":[{"@type":"WebPage","@id":"https:\/\/turodelsol.com\/ca\/","url":"https:\/\/turodelsol.com\/ca\/","name":"Restaurants noces Barcelona | noces en Barcelona | Tur\u00f3 del sol","isPartOf":{"@id":"https:\/\/turodelsol.com\/#website"},"datePublished":"2014-05-20T07:51:11+00:00","dateModified":"2021-05-22T07:33:16+00:00","description":"Tur\u00f3 del Sol, Restaurant per a noces a Barcelona Noces a l'aire lliure i banquets de noces inoblidables Tenim amplis jardins, grans i salons.","breadcrumb":{"@id":"https:\/\/turodelsol.com\/ca\/#breadcrumb"},"inLanguage":"ca","potentialAction":[{"@type":"ReadAction","target":["https:\/\/turodelsol.com\/ca\/"]}]},{"@type":"BreadcrumbList","@id":"https:\/\/turodelsol.com\/ca\/#breadcrumb","itemListElement":[{"@type":"ListItem","position":1,"name":"Portada","item":"https:\/\/turodelsol.com\/ca\/"},{"@type":"ListItem","position":2,"name":"Inici"}]},{"@type":"WebSite","@id":"https:\/\/turodelsol.com\/#website","url":"https:\/\/turodelsol.com\/","name":"Tur\u00f3 del Sol","description":"Restaurante para bodas Barcelona","publisher":{"@id":"https:\/\/turodelsol.com\/#organization"},"potentialAction":[{"@type":"SearchAction","target":{"@type":"EntryPoint","urlTemplate":"https:\/\/turodelsol.com\/?s={search_term_string}"},"query-input":"required name=search_term_string"}],"inLanguage":"ca"},{"@type":"Organization","@id":"https:\/\/turodelsol.com\/#organization","name":"Restaurante Tur\u00f3 del Sol","url":"https:\/\/turodelsol.com\/","logo":{"@type":"ImageObject","inLanguage":"ca","@id":"https:\/\/turodelsol.com\/#\/schema\/logo\/image\/","url":"https:\/\/turodelsol.com\/wp-content\/uploads\/2018\/12\/logo-turo-del-sol-web-2019-1.png","contentUrl":"https:\/\/turodelsol.com\/wp-content\/uploads\/2018\/12\/logo-turo-del-sol-web-2019-1.png","width":214,"height":100,"caption":"Restaurante Tur\u00f3 del Sol"},"image":{"@id":"https:\/\/turodelsol.com\/#\/schema\/logo\/image\/"},"sameAs":["https:\/\/www.instagram.com\/turodelsol\/","https:\/\/es-es.facebook.com\/turodelsol"]}]}},"_links":{"self":[{"href":"https:\/\/turodelsol.com\/ca\/wp-json\/wp\/v2\/pages\/16353"}],"collection":[{"href":"https:\/\/turodelsol.com\/ca\/wp-json\/wp\/v2\/pages"}],"about":[{"href":"https:\/\/turodelsol.com\/ca\/wp-json\/wp\/v2\/types\/page"}],"author":[{"embeddable":true,"href":"https:\/\/turodelsol.com\/ca\/wp-json\/wp\/v2\/users\/1"}],"replies":[{"embeddable":true,"href":"https:\/\/turodelsol.com\/ca\/wp-json\/wp\/v2\/comments?post=16353"}],"version-history":[{"count":14,"href":"https:\/\/turodelsol.com\/ca\/wp-json\/wp\/v2\/pages\/16353\/revisions"}],"predecessor-version":[{"id":18534,"href":"https:\/\/turodelsol.com\/ca\/wp-json\/wp\/v2\/pages\/16353\/revisions\/18534"}],"wp:attachment":[{"href":"https:\/\/turodelsol.com\/ca\/wp-json\/wp\/v2\/media?parent=16353"}],"curies":[{"name":"wp","href":"https:\/\/api.w.org\/{rel}","templated":true}]}}